{"id":8441,"date":"2026-03-09T11:45:51","date_gmt":"2026-03-09T10:45:51","guid":{"rendered":"https:\/\/www.minedartenprovence.fr\/?page_id=8441"},"modified":"2026-03-09T14:01:50","modified_gmt":"2026-03-09T13:01:50","slug":"angelique-fontaine-couturiere-en-provence-verte","status":"publish","type":"page","link":"https:\/\/www.minedartenprovence.fr\/index.php\/angelique-fontaine-couturiere-en-provence-verte\/","title":{"rendered":"Ang\u00e9lique FONTAINE Couturi\u00e8re en Provence Verte"},"content":{"rendered":"\t\t<div data-elementor-type=\"wp-page\" data-elementor-id=\"8441\" class=\"elementor elementor-8441\">\n\t\t\t\t\t\t<section class=\"elementor-section elementor-top-section elementor-element elementor-element-b01dd6f elementor-section-boxed elementor-section-height-default elementor-section-height-default\" data-id=\"b01dd6f\" data-element_type=\"section\" data-e-type=\"section\">\n\t\t\t\t\t\t<div class=\"elementor-container elementor-column-gap-default\">\n\t\t\t\t\t<div class=\"elementor-column elementor-col-100 elementor-top-column elementor-element elementor-element-4ff6d82\" data-id=\"4ff6d82\" data-element_type=\"column\" data-e-type=\"column\">\n\t\t\t<div class=\"elementor-widget-wrap elementor-element-populated\">\n\t\t\t\t\t\t<div class=\"elementor-element elementor-element-158d618 elementor-widget elementor-widget-heading\" data-id=\"158d618\" data-element_type=\"widget\" data-e-type=\"widget\" data-widget_type=\"heading.default\">\n\t\t\t\t<div class=\"elementor-widget-container\">\n\t\t\t\t\t<h1 class=\"elementor-heading-title elementor-size-default\"><b>Ang\u00e9lique FONTAINE<\/b><br>Couturi\u00e8re<\/h1>\t\t\t\t<\/div>\n\t\t\t\t<\/div>\n\t\t\t\t\t<\/div>\n\t\t<\/div>\n\t\t\t\t\t<\/div>\n\t\t<\/section>\n\t\t\t\t<section class=\"elementor-section elementor-top-section elementor-element elementor-element-572ea23 elementor-section-boxed elementor-section-height-default elementor-section-height-default\" data-id=\"572ea23\" data-element_type=\"section\" data-e-type=\"section\">\n\t\t\t\t\t\t<div class=\"elementor-container elementor-column-gap-default\">\n\t\t\t\t\t<div class=\"elementor-column elementor-col-33 elementor-top-column elementor-element elementor-element-5c93cf4\" data-id=\"5c93cf4\" data-element_type=\"column\" data-e-type=\"column\">\n\t\t\t<div class=\"elementor-widget-wrap elementor-element-populated\">\n\t\t\t\t\t\t<div class=\"elementor-element elementor-element-8fd0cbd elementor-widget__width-initial elementor-widget elementor-widget-image\" data-id=\"8fd0cbd\" data-element_type=\"widget\" data-e-type=\"widget\" data-widget_type=\"image.default\">\n\t\t\t\t<div class=\"elementor-widget-container\">\n\t\t\t\t\t\t\t\t\t\t\t\t\t\t\t<img decoding=\"async\" src=\"https:\/\/www.minedartenprovence.fr\/wp-content\/uploads\/elementor\/thumbs\/profil-rjyszqij44h1axj9pwwu2m4gzmbj6vhnn9smc7d48o.jpg\" title=\"Ang\u00e9lique FONTAINE, Laf\u00e9eclochette couturi\u00e8re \u00e0 Entrecasteaux\" alt=\"Ang\u00e9lique FONTAINE, Laf\u00e9eclochette couturi\u00e8re \u00e0 Entrecasteaux\" loading=\"lazy\" \/>\t\t\t\t\t\t\t\t\t\t\t\t\t\t\t<\/div>\n\t\t\t\t<\/div>\n\t\t\t\t\t<\/div>\n\t\t<\/div>\n\t\t\t\t<div class=\"elementor-column elementor-col-33 elementor-top-column elementor-element elementor-element-fb1e9c2\" data-id=\"fb1e9c2\" data-element_type=\"column\" data-e-type=\"column\">\n\t\t\t<div class=\"elementor-widget-wrap elementor-element-populated\">\n\t\t\t\t\t\t<div class=\"elementor-element elementor-element-dc20ed9 elementor-widget__width-initial elementor-widget elementor-widget-image\" data-id=\"dc20ed9\" data-element_type=\"widget\" data-e-type=\"widget\" data-widget_type=\"image.default\">\n\t\t\t\t<div class=\"elementor-widget-container\">\n\t\t\t\t\t\t\t\t\t\t\t\t\t\t\t<img decoding=\"async\" src=\"https:\/\/www.minedartenprovence.fr\/wp-content\/uploads\/elementor\/thumbs\/logo-la-fee-clochette-rjysklc507q5si6vtakrdbv42aifwje5mtx5yrahg0.jpg\" title=\"logo-la-fee-clochette\" alt=\"Ang\u00e9lique FONTAINE, Laf\u00e9eclochette couturi\u00e8re \u00e0 Entrecasteaux\" loading=\"lazy\" \/>\t\t\t\t\t\t\t\t\t\t\t\t\t\t\t<\/div>\n\t\t\t\t<\/div>\n\t\t\t\t\t<\/div>\n\t\t<\/div>\n\t\t\t\t<div class=\"elementor-column elementor-col-33 elementor-top-column elementor-element elementor-element-693a8d3\" data-id=\"693a8d3\" data-element_type=\"column\" data-e-type=\"column\">\n\t\t\t<div class=\"elementor-widget-wrap elementor-element-populated\">\n\t\t\t\t\t\t<div class=\"elementor-element elementor-element-daca94f elementor-widget elementor-widget-text-editor\" data-id=\"daca94f\" data-element_type=\"widget\" data-e-type=\"widget\" data-widget_type=\"text-editor.default\">\n\t\t\t\t<div class=\"elementor-widget-container\">\n\t\t\t\t\t\t\t\t\t<p class=\"cvGsUA direction-ltr align-justify para-style-body\"><span class=\"a_GcMg font-feature-liga-off font-feature-clig-off font-feature-calt-off text-decoration-none text-strikethrough-none\">Derri\u00e8re \u00ab\u00a0LaF\u00e9eClochette\u00a0\u00bb se cache Mme Fontaine Ang\u00e9lique, styliste depuis plus de dix ans.<\/span><\/p><p class=\"cvGsUA direction-ltr align-justify para-style-body\"><span class=\"a_GcMg font-feature-liga-off font-feature-clig-off font-feature-calt-off text-decoration-none text-strikethrough-none\">Son int\u00e9r\u00eat pour les Arts et les robes ont commenc\u00e9 dans son enfance. Ces parents \u00e9taient en perdition face \u00e0 la disparition des rideaux de la maison (id\u00e9al pour fa\u00e7onner des robes \u00e9ph\u00e9m\u00e8res). En 2007, elle obtient son BEP en M\u00e9tier de la Mode et des Industries Connexes (option couture Flou). Dipl\u00f4me principalement ax\u00e9 sur la couture main \u00e0 l&rsquo;ancienne.<\/span><\/p><p class=\"cvGsUA direction-ltr align-justify para-style-body\"><span class=\"a_GcMg font-feature-liga-off font-feature-clig-off font-feature-calt-off text-decoration-none text-strikethrough-none\">En 2018, elle fait la fabuleuse rencontre de celle qui deviendra jusqu&rsquo;\u00e0 aujourd&rsquo;hui son Mentor, Mme Marque Pascale, styliste\/mod\u00e9liste sur Saint Antonin du Var.<\/span><\/p>\t\t\t\t\t\t\t\t<\/div>\n\t\t\t\t<\/div>\n\t\t\t\t\t<\/div>\n\t\t<\/div>\n\t\t\t\t\t<\/div>\n\t\t<\/section>\n\t\t\t\t<section class=\"elementor-section elementor-top-section elementor-element elementor-element-acf5cac elementor-section-content-middle elementor-section-boxed elementor-section-height-default elementor-section-height-default\" data-id=\"acf5cac\" data-element_type=\"section\" data-e-type=\"section\">\n\t\t\t\t\t\t<div class=\"elementor-container elementor-column-gap-default\">\n\t\t\t\t\t<div class=\"elementor-column elementor-col-50 elementor-top-column elementor-element elementor-element-c912e29\" data-id=\"c912e29\" data-element_type=\"column\" data-e-type=\"column\">\n\t\t\t<div class=\"elementor-widget-wrap elementor-element-populated\">\n\t\t\t\t\t\t<div class=\"elementor-element elementor-element-c924450 elementor-widget elementor-widget-text-editor\" data-id=\"c924450\" data-element_type=\"widget\" data-e-type=\"widget\" data-widget_type=\"text-editor.default\">\n\t\t\t\t<div class=\"elementor-widget-container\">\n\t\t\t\t\t\t\t\t\t<p class=\"cvGsUA direction-ltr align-justify para-style-body\"><span style=\"color: rgb(255, 0, 0); font-family: Arial, sans-serif; font-size: 16px; font-style: normal; font-variant-ligatures: normal; font-variant-caps: normal; font-weight: 600; text-align: center;\">\u201cPlus qu&rsquo;un savoir faire, une vraie passion\u201d<\/span><\/p>\t\t\t\t\t\t\t\t<\/div>\n\t\t\t\t<\/div>\n\t\t\t\t<div class=\"elementor-element elementor-element-74a5156 elementor-widget elementor-widget-text-editor\" data-id=\"74a5156\" data-element_type=\"widget\" data-e-type=\"widget\" data-widget_type=\"text-editor.default\">\n\t\t\t\t<div class=\"elementor-widget-container\">\n\t\t\t\t\t\t\t\t\t<p class=\"cvGsUA direction-ltr align-justify para-style-body\"><span class=\"a_GcMg font-feature-liga-off font-feature-clig-off font-feature-calt-off text-decoration-none text-strikethrough-none\">Aupr\u00e8s d&rsquo;elle, elle se perfectionne dans le domaine de la cr\u00e9ation de robe de mari\u00e9e sur mesure. Elle apprend au fur et \u00e0 mesure \u00e0 faire son entr\u00e9e dans le monde du mod\u00e9lisme pour compl\u00e9ter ces acquis.<\/span><\/p><p class=\"cvGsUA direction-ltr align-justify para-style-body\"><span class=\"a_GcMg font-feature-liga-off font-feature-clig-off font-feature-calt-off text-decoration-none text-strikethrough-none\">En 2019, elle fait la rencontre de \u00ab\u00a0Mamie Michou\u00a0\u00bb, Mme Joanique Micheline, ancien fourreur sur Marseille et experte en cr\u00e9ation de costumes Proven\u00e7aux. A ces c\u00f4t\u00e9s, elle apprend \u00e0 travailler et assembler un tout autre textile&#8230; La peau. Les connaissances et techniques anciennes de Mme Joanique seront un vrai puit de savoir.<\/span><\/p><p class=\"cvGsUA direction-ltr align-justify para-style-body\"><span class=\"a_GcMg font-feature-liga-off font-feature-clig-off font-feature-calt-off text-decoration-none text-strikethrough-none\">En Octobre 2021, elle cr\u00e9e son entreprise \u00ab\u00a0LaF\u00e9eClochette\u00a0\u00bb dans son petit village d&rsquo; Entrecasteaux. Elle propose un service de retouche ainsi que la confection de robe sur mesure. Depuis Avril 2025, son excellence est reconnu par le label \u00ab\u00a0Artisan d&rsquo;art\u00a0\u00bb.<\/span><\/p>\t\t\t\t\t\t\t\t<\/div>\n\t\t\t\t<\/div>\n\t\t\t\t\t<\/div>\n\t\t<\/div>\n\t\t\t\t<div class=\"elementor-column elementor-col-50 elementor-top-column elementor-element elementor-element-6230b87\" data-id=\"6230b87\" data-element_type=\"column\" data-e-type=\"column\">\n\t\t\t<div class=\"elementor-widget-wrap elementor-element-populated\">\n\t\t\t\t\t\t<div class=\"elementor-element elementor-element-962a13e elementor-widget__width-initial elementor-widget elementor-widget-image\" data-id=\"962a13e\" data-element_type=\"widget\" data-e-type=\"widget\" data-widget_type=\"image.default\">\n\t\t\t\t<div class=\"elementor-widget-container\">\n\t\t\t\t\t\t\t\t\t\t\t\t\t\t\t<img decoding=\"async\" src=\"https:\/\/www.minedartenprovence.fr\/wp-content\/uploads\/elementor\/thumbs\/robeblanche-rjyskn7tzt5j38uavl4g8l86t48hh39ir9s4xm4yqm.jpg\" title=\"Ang\u00e9lique FONTAINE, Laf\u00e9eclochette couturi\u00e8re \u00e0 Entrecasteaux\" alt=\"Ang\u00e9lique FONTAINE, Laf\u00e9eclochette couturi\u00e8re \u00e0 Entrecasteaux\" loading=\"lazy\" \/>\t\t\t\t\t\t\t\t\t\t\t\t\t\t\t<\/div>\n\t\t\t\t<\/div>\n\t\t\t\t\t<\/div>\n\t\t<\/div>\n\t\t\t\t\t<\/div>\n\t\t<\/section>\n\t\t\t\t<section class=\"elementor-section elementor-top-section elementor-element elementor-element-a209b9a elementor-section-boxed elementor-section-height-default elementor-section-height-default\" data-id=\"a209b9a\" data-element_type=\"section\" data-e-type=\"section\">\n\t\t\t\t\t\t<div class=\"elementor-container elementor-column-gap-default\">\n\t\t\t\t\t<div class=\"elementor-column elementor-col-50 elementor-top-column elementor-element elementor-element-ab0169f\" data-id=\"ab0169f\" data-element_type=\"column\" data-e-type=\"column\">\n\t\t\t<div class=\"elementor-widget-wrap elementor-element-populated\">\n\t\t\t\t\t\t<div class=\"elementor-element elementor-element-5509b61 elementor-widget__width-initial elementor-widget elementor-widget-image\" data-id=\"5509b61\" data-element_type=\"widget\" data-e-type=\"widget\" data-widget_type=\"image.default\">\n\t\t\t\t<div class=\"elementor-widget-container\">\n\t\t\t\t\t\t\t\t\t\t\t\t\t\t\t<img decoding=\"async\" src=\"https:\/\/www.minedartenprovence.fr\/wp-content\/uploads\/elementor\/thumbs\/broderie-rjyskkebfb339wb468lpuvitzkqw0pwa8lk9k6khms.jpg\" title=\"broderie\" alt=\"broderie\" loading=\"lazy\" \/>\t\t\t\t\t\t\t\t\t\t\t\t\t\t\t<\/div>\n\t\t\t\t<\/div>\n\t\t\t\t\t<\/div>\n\t\t<\/div>\n\t\t\t\t<div class=\"elementor-column elementor-col-50 elementor-top-column elementor-element elementor-element-bf91631\" data-id=\"bf91631\" data-element_type=\"column\" data-e-type=\"column\">\n\t\t\t<div class=\"elementor-widget-wrap elementor-element-populated\">\n\t\t\t\t\t\t<div class=\"elementor-element elementor-element-48ff2e6 elementor-widget__width-initial elementor-widget elementor-widget-text-editor\" data-id=\"48ff2e6\" data-element_type=\"widget\" data-e-type=\"widget\" data-widget_type=\"text-editor.default\">\n\t\t\t\t<div class=\"elementor-widget-container\">\n\t\t\t\t\t\t\t\t\t<p class=\"cvGsUA direction-ltr align-justify para-style-body\"><span style=\"font-size: 13px;\">La m\u00eame ann\u00e9e, elle participe aux Journ\u00e9es Europ\u00e9ennes des M\u00e9tiers d&rsquo;Arts \u00e0 l&rsquo;abbaye de la Celle, elle travaille en collaboration avec Mme Kameli Katia pour ex\u00e9cuter des travaux de finition tout en finesse sur des foulards en soie.<\/span><\/p><p class=\"cvGsUA direction-ltr align-justify para-style-body\"><span class=\"a_GcMg font-feature-liga-off font-feature-clig-off font-feature-calt-off text-decoration-none text-strikethrough-none\">Elle anime divers ateliers textiles au sein de mus\u00e9es dans le d\u00e9partement ainsi que son premier d\u00e9fil\u00e9.<\/span><\/p><p class=\"cvGsUA direction-ltr align-justify para-style-body\"><span class=\"a_GcMg font-feature-liga-off font-feature-clig-off font-feature-calt-off text-decoration-none text-strikethrough-none\">Passionn\u00e9e et tr\u00e8s engag\u00e9e, elle cr\u00e9e une ligne de v\u00eatements de type \u00ab\u00a0Haute Couture\u00a0\u00bb avec des textiles recycl\u00e9s : ce qui lui permet d&rsquo;exposer deux tenues au Mus\u00e9e des Arts et des Traditions Populaires de Draguignan.<\/span><\/p>\t\t\t\t\t\t\t\t<\/div>\n\t\t\t\t<\/div>\n\t\t\t\t\t<\/div>\n\t\t<\/div>\n\t\t\t\t\t<\/div>\n\t\t<\/section>\n\t\t\t\t<section class=\"elementor-section elementor-top-section elementor-element elementor-element-76cf59d elementor-section-boxed elementor-section-height-default elementor-section-height-default\" data-id=\"76cf59d\" data-element_type=\"section\" data-e-type=\"section\">\n\t\t\t\t\t\t<div class=\"elementor-container elementor-column-gap-default\">\n\t\t\t\t\t<div class=\"elementor-column elementor-col-50 elementor-top-column elementor-element elementor-element-7776d54\" data-id=\"7776d54\" data-element_type=\"column\" data-e-type=\"column\">\n\t\t\t<div class=\"elementor-widget-wrap elementor-element-populated\">\n\t\t\t\t\t\t<div class=\"elementor-element elementor-element-3eb63b8 elementor-widget__width-initial elementor-widget elementor-widget-text-editor\" data-id=\"3eb63b8\" data-element_type=\"widget\" data-e-type=\"widget\" data-widget_type=\"text-editor.default\">\n\t\t\t\t<div class=\"elementor-widget-container\">\n\t\t\t\t\t\t\t\t\tPerfectionniste, engag\u00e9e et passionn\u00e9e.\t\t\t\t\t\t\t\t<\/div>\n\t\t\t\t<\/div>\n\t\t\t\t<div class=\"elementor-element elementor-element-f943621 elementor-widget elementor-widget-text-editor\" data-id=\"f943621\" data-element_type=\"widget\" data-e-type=\"widget\" data-widget_type=\"text-editor.default\">\n\t\t\t\t<div class=\"elementor-widget-container\">\n\t\t\t\t\t\t\t\t\t<p class=\"cvGsUA direction-ltr align-justify para-style-body\"><span class=\"a_GcMg font-feature-liga-off font-feature-clig-off font-feature-calt-off text-decoration-none text-strikethrough-none\">Les travaux de finition r\u00e9alis\u00e9s \u00e0 la main comptent parmi ses domaines d&rsquo;excellence. Elle sait s&rsquo;adapter aux demandes de ces clientes en m\u00ealant le possible \u00e0 l&rsquo;impossible.<\/span><\/p><p class=\"cvGsUA direction-ltr align-justify para-style-body\"><span class=\"a_GcMg font-feature-liga-off font-feature-clig-off font-feature-calt-off text-decoration-none text-strikethrough-none\">En prenant en compte, leurs souhaits, leurs go\u00fbts et leurs envies, elle sait parfaitement permettre \u00e0 une esquisse de dessin de devenir la robe d&rsquo;une vie.<\/span><\/p><p class=\"cvGsUA direction-ltr align-justify para-style-body\"><span class=\"a_GcMg font-feature-liga-off font-feature-clig-off font-feature-calt-off text-decoration-none text-strikethrough-none\">Impact\u00e9e par la surconsommation textile et ces d\u00e9rives, elle cr\u00e9e \u00e9galement des tenues glamour et classe en mati\u00e8re recycl\u00e9s.<\/span><\/p>\t\t\t\t\t\t\t\t<\/div>\n\t\t\t\t<\/div>\n\t\t\t\t\t<\/div>\n\t\t<\/div>\n\t\t\t\t<div class=\"elementor-column elementor-col-50 elementor-top-column elementor-element elementor-element-2251b9d\" data-id=\"2251b9d\" data-element_type=\"column\" data-e-type=\"column\">\n\t\t\t<div class=\"elementor-widget-wrap elementor-element-populated\">\n\t\t\t\t\t\t<div class=\"elementor-element elementor-element-f8665b8 elementor-widget__width-initial elementor-widget elementor-widget-image\" data-id=\"f8665b8\" data-element_type=\"widget\" data-e-type=\"widget\" data-widget_type=\"image.default\">\n\t\t\t\t<div class=\"elementor-widget-container\">\n\t\t\t\t\t\t\t\t\t\t\t\t\t\t\t<img decoding=\"async\" src=\"https:\/\/www.minedartenprovence.fr\/wp-content\/uploads\/elementor\/thumbs\/3robesLACELLE-rjyskhkvwfxcjvc9anskxifc58apv09dirqf1ts9us.jpg\" title=\"Ang\u00e9lique FONTAINE, Laf\u00e9eclochette couturi\u00e8re \u00e0 Entrecasteaux\" alt=\"Ang\u00e9lique FONTAINE, Laf\u00e9eclochette couturi\u00e8re \u00e0 Entrecasteaux\" loading=\"lazy\" \/>\t\t\t\t\t\t\t\t\t\t\t\t\t\t\t<\/div>\n\t\t\t\t<\/div>\n\t\t\t\t\t<\/div>\n\t\t<\/div>\n\t\t\t\t\t<\/div>\n\t\t<\/section>\n\t\t\t\t<section class=\"elementor-section elementor-top-section elementor-element elementor-element-e136b62 elementor-section-boxed elementor-section-height-default elementor-section-height-default\" data-id=\"e136b62\" data-element_type=\"section\" data-e-type=\"section\">\n\t\t\t\t\t\t<div class=\"elementor-container elementor-column-gap-default\">\n\t\t\t\t\t<div class=\"elementor-column elementor-col-100 elementor-top-column elementor-element elementor-element-06db780\" data-id=\"06db780\" data-element_type=\"column\" data-e-type=\"column\">\n\t\t\t<div class=\"elementor-widget-wrap elementor-element-populated\">\n\t\t\t\t\t\t<div class=\"elementor-element elementor-element-c682362 elementor-widget__width-initial elementor-widget elementor-widget-spacer\" data-id=\"c682362\" data-element_type=\"widget\" data-e-type=\"widget\" data-widget_type=\"spacer.default\">\n\t\t\t\t<div class=\"elementor-widget-container\">\n\t\t\t\t\t\t\t<div class=\"elementor-spacer\">\n\t\t\t<div class=\"elementor-spacer-inner\"><\/div>\n\t\t<\/div>\n\t\t\t\t\t\t<\/div>\n\t\t\t\t<\/div>\n\t\t\t\t\t<\/div>\n\t\t<\/div>\n\t\t\t\t\t<\/div>\n\t\t<\/section>\n\t\t\t\t<section class=\"elementor-section elementor-top-section elementor-element elementor-element-264688c elementor-section-boxed elementor-section-height-default elementor-section-height-default\" data-id=\"264688c\" data-element_type=\"section\" data-e-type=\"section\">\n\t\t\t\t\t\t<div class=\"elementor-container elementor-column-gap-default\">\n\t\t\t\t\t<div class=\"elementor-column elementor-col-33 elementor-top-column elementor-element elementor-element-69ce1ca\" data-id=\"69ce1ca\" data-element_type=\"column\" data-e-type=\"column\">\n\t\t\t<div class=\"elementor-widget-wrap elementor-element-populated\">\n\t\t\t\t\t\t<div class=\"elementor-element elementor-element-e9b7d95 elementor-widget elementor-widget-image\" data-id=\"e9b7d95\" data-element_type=\"widget\" data-e-type=\"widget\" data-widget_type=\"image.default\">\n\t\t\t\t<div class=\"elementor-widget-container\">\n\t\t\t\t\t\t\t\t\t\t\t\t\t\t\t<img decoding=\"async\" src=\"https:\/\/www.minedartenprovence.fr\/wp-content\/uploads\/elementor\/thumbs\/main2-72-3-rjyskm9zsz53giw3j6qigr7qsi1f684kbddehryq8s.jpg\" title=\"Ang\u00e9lique FONTAINE, Laf\u00e9eclochette couturi\u00e8re \u00e0 Entrecasteaux\" alt=\"Ang\u00e9lique FONTAINE, Laf\u00e9eclochette couturi\u00e8re \u00e0 Entrecasteaux\" loading=\"lazy\" \/>\t\t\t\t\t\t\t\t\t\t\t\t\t\t\t<\/div>\n\t\t\t\t<\/div>\n\t\t\t\t\t<\/div>\n\t\t<\/div>\n\t\t\t\t<div class=\"elementor-column elementor-col-33 elementor-top-column elementor-element elementor-element-d82af31\" data-id=\"d82af31\" data-element_type=\"column\" data-e-type=\"column\">\n\t\t\t<div class=\"elementor-widget-wrap elementor-element-populated\">\n\t\t\t\t\t\t<div class=\"elementor-element elementor-element-fda1d46 elementor-widget__width-initial elementor-widget elementor-widget-text-editor\" data-id=\"fda1d46\" data-element_type=\"widget\" data-e-type=\"widget\" data-widget_type=\"text-editor.default\">\n\t\t\t\t<div class=\"elementor-widget-container\">\n\t\t\t\t\t\t\t\t\t<h1>Contact<\/h1>\t\t\t\t\t\t\t\t<\/div>\n\t\t\t\t<\/div>\n\t\t\t\t\t<\/div>\n\t\t<\/div>\n\t\t\t\t<div class=\"elementor-column elementor-col-33 elementor-top-column elementor-element elementor-element-a196919\" data-id=\"a196919\" data-element_type=\"column\" data-e-type=\"column\">\n\t\t\t<div class=\"elementor-widget-wrap elementor-element-populated\">\n\t\t\t\t\t\t<div class=\"elementor-element elementor-element-fb6befa elementor-widget__width-initial elementor-widget elementor-widget-text-editor\" data-id=\"fb6befa\" data-element_type=\"widget\" data-e-type=\"widget\" data-widget_type=\"text-editor.default\">\n\t\t\t\t<div class=\"elementor-widget-container\">\n\t\t\t\t\t\t\t\t\t<p class=\"cvGsUA direction-ltr align-start para-style-body\"><a class=\"a_GcMg font-feature-liga-off font-feature-clig-off font-feature-calt-off text-decoration-underline text-strikethrough-none\" draggable=\"false\" href=\"https:\/\/xn--lafeclochette-dhb.fr\" target=\"_blank\" rel=\"noopener\">https:\/\/laf\u00e9eclochette.fr\/<\/a><\/p><p><span class=\"a_GcMg font-feature-liga-off font-feature-clig-off font-feature-calt-off text-decoration-none text-strikethrough-none\"><a href=\"mailto:lafeeclochette.af@gmail.com\" target=\"_blank\" rel=\"noopener\">lafeeclochette.af@gmail.com<\/a><br \/><\/span><span class=\"a_GcMg font-feature-liga-off font-feature-clig-off font-feature-calt-off text-decoration-none text-strikethrough-none\">Facebook : Laf\u00e9eclochette<br \/><\/span><a class=\"a_GcMg font-feature-liga-off font-feature-clig-off font-feature-calt-off text-decoration-underline text-strikethrough-none\" draggable=\"false\" href=\"https:\/\/www.instagram.com\/o0lafeeclochette0o\/\" target=\"_blank\" rel=\"noopener\">Instagram : o0lafeeclochette0o<\/a><\/p><p class=\"cvGsUA direction-ltr align-start para-style-body\"><span class=\"a_GcMg font-feature-liga-off font-feature-clig-off font-feature-calt-off text-decoration-none text-strikethrough-none\">83 &#8211; ENTRECASTEAUX<\/span><\/p>\t\t\t\t\t\t\t\t<\/div>\n\t\t\t\t<\/div>\n\t\t\t\t\t<\/div>\n\t\t<\/div>\n\t\t\t\t\t<\/div>\n\t\t<\/section>\n\t\t\t\t<\/div>\n\t\t","protected":false},"excerpt":{"rendered":"<p>Ang\u00e9lique FONTAINECouturi\u00e8re Derri\u00e8re \u00ab\u00a0LaF\u00e9eClochette\u00a0\u00bb se cache Mme Fontaine Ang\u00e9lique, styliste depuis plus de dix ans. Son int\u00e9r\u00eat pour les Arts et les robes ont commenc\u00e9 dans son enfance. Ces parents \u00e9taient en perdition face \u00e0 la disparition des rideaux de la maison (id\u00e9al pour fa\u00e7onner des robes \u00e9ph\u00e9m\u00e8res). En 2007, elle obtient son BEP en [&hellip;]<\/p>\n","protected":false},"author":6,"featured_media":8385,"parent":0,"menu_order":0,"comment_status":"closed","ping_status":"closed","template":"elementor_header_footer","meta":{"ocean_post_layout":"","ocean_both_sidebars_style":"","ocean_both_sidebars_content_width":0,"ocean_both_sidebars_sidebars_width":0,"ocean_sidebar":"0","ocean_second_sidebar":"0","ocean_disable_margins":"enable","ocean_add_body_class":"","ocean_shortcode_before_top_bar":"","ocean_shortcode_after_top_bar":"","ocean_shortcode_before_header":"","ocean_shortcode_after_header":"","ocean_has_shortcode":"","ocean_shortcode_after_title":"","ocean_shortcode_before_footer_widgets":"","ocean_shortcode_after_footer_widgets":"","ocean_shortcode_before_footer_bottom":"","ocean_shortcode_after_footer_bottom":"","ocean_display_top_bar":"default","ocean_display_header":"default","ocean_header_style":"","ocean_center_header_left_menu":"0","ocean_custom_header_template":"0","ocean_custom_logo":0,"ocean_custom_retina_logo":0,"ocean_custom_logo_max_width":0,"ocean_custom_logo_tablet_max_width":0,"ocean_custom_logo_mobile_max_width":0,"ocean_custom_logo_max_height":0,"ocean_custom_logo_tablet_max_height":0,"ocean_custom_logo_mobile_max_height":0,"ocean_header_custom_menu":"0","ocean_menu_typo_font_family":"0","ocean_menu_typo_font_subset":"","ocean_menu_typo_font_size":0,"ocean_menu_typo_font_size_tablet":0,"ocean_menu_typo_font_size_mobile":0,"ocean_menu_typo_font_size_unit":"px","ocean_menu_typo_font_weight":"","ocean_menu_typo_font_weight_tablet":"","ocean_menu_typo_font_weight_mobile":"","ocean_menu_typo_transform":"","ocean_menu_typo_transform_tablet":"","ocean_menu_typo_transform_mobile":"","ocean_menu_typo_line_height":0,"ocean_menu_typo_line_height_tablet":0,"ocean_menu_typo_line_height_mobile":0,"ocean_menu_typo_line_height_unit":"","ocean_menu_typo_spacing":0,"ocean_menu_typo_spacing_tablet":0,"ocean_menu_typo_spacing_mobile":0,"ocean_menu_typo_spacing_unit":"","ocean_menu_link_color":"","ocean_menu_link_color_hover":"","ocean_menu_link_color_active":"","ocean_menu_link_background":"","ocean_menu_link_hover_background":"","ocean_menu_link_active_background":"","ocean_menu_social_links_bg":"","ocean_menu_social_hover_links_bg":"","ocean_menu_social_links_color":"","ocean_menu_social_hover_links_color":"","ocean_disable_title":"default","ocean_disable_heading":"default","ocean_post_title":"","ocean_post_subheading":"","ocean_post_title_style":"","ocean_post_title_background_color":"","ocean_post_title_background":0,"ocean_post_title_bg_image_position":"","ocean_post_title_bg_image_attachment":"","ocean_post_title_bg_image_repeat":"","ocean_post_title_bg_image_size":"","ocean_post_title_height":0,"ocean_post_title_bg_overlay":0.5,"ocean_post_title_bg_overlay_color":"","ocean_disable_breadcrumbs":"default","ocean_breadcrumbs_color":"","ocean_breadcrumbs_separator_color":"","ocean_breadcrumbs_links_color":"","ocean_breadcrumbs_links_hover_color":"","ocean_display_footer_widgets":"default","ocean_display_footer_bottom":"default","ocean_custom_footer_template":"0","footnotes":""},"class_list":["post-8441","page","type-page","status-publish","has-post-thumbnail","hentry","entry","has-media"],"yoast_head":"<!-- This site is optimized with the Yoast SEO plugin v27.4 - https:\/\/yoast.com\/product\/yoast-seo-wordpress\/ -->\n<title>Ang\u00e9lique FONTAINE Couturi\u00e8re en Provence Verte<\/title>\n<meta name=\"description\" content=\"Ang\u00e9lique FONTAINE Couturi\u00e8re \u00e0 Entrecasteaux en Provence Verte, membre de l&#039;association Mine d&#039;Art en Provence.\" \/>\n<meta name=\"robots\" content=\"index, follow, max-snippet:-1, max-image-preview:large, max-video-preview:-1\" \/>\n<link rel=\"canonical\" href=\"https:\/\/www.minedartenprovence.fr\/index.php\/angelique-fontaine-couturiere-en-provence-verte\/\" \/>\n<meta property=\"og:locale\" content=\"fr_FR\" \/>\n<meta property=\"og:type\" content=\"article\" \/>\n<meta property=\"og:title\" content=\"Ang\u00e9lique FONTAINE Couturi\u00e8re en Provence Verte\" \/>\n<meta property=\"og:description\" content=\"Ang\u00e9lique FONTAINE Couturi\u00e8re \u00e0 Entrecasteaux en Provence Verte, membre de l&#039;association Mine d&#039;Art en Provence.\" \/>\n<meta property=\"og:url\" content=\"https:\/\/www.minedartenprovence.fr\/index.php\/angelique-fontaine-couturiere-en-provence-verte\/\" \/>\n<meta property=\"og:site_name\" content=\"Mine d&#039;Art en Provence\" \/>\n<meta property=\"article:publisher\" content=\"https:\/\/www.facebook.com\/profile.php?id=100091328405319\" \/>\n<meta property=\"article:modified_time\" content=\"2026-03-09T13:01:50+00:00\" \/>\n<meta property=\"og:image\" content=\"https:\/\/www.minedartenprovence.fr\/wp-content\/uploads\/2026\/03\/logo-la-fee-clochette.jpg\" \/>\n\t<meta property=\"og:image:width\" content=\"567\" \/>\n\t<meta property=\"og:image:height\" content=\"516\" \/>\n\t<meta property=\"og:image:type\" content=\"image\/jpeg\" \/>\n<meta name=\"twitter:card\" content=\"summary_large_image\" \/>\n<meta name=\"twitter:label1\" content=\"Dur\u00e9e de lecture estim\u00e9e\" \/>\n\t<meta name=\"twitter:data1\" content=\"4 minutes\" \/>\n<script type=\"application\/ld+json\" class=\"yoast-schema-graph\">{\"@context\":\"https:\\\/\\\/schema.org\",\"@graph\":[{\"@type\":\"WebPage\",\"@id\":\"https:\\\/\\\/www.minedartenprovence.fr\\\/index.php\\\/angelique-fontaine-couturiere-en-provence-verte\\\/\",\"url\":\"https:\\\/\\\/www.minedartenprovence.fr\\\/index.php\\\/angelique-fontaine-couturiere-en-provence-verte\\\/\",\"name\":\"Ang\u00e9lique FONTAINE Couturi\u00e8re en Provence Verte\",\"isPartOf\":{\"@id\":\"https:\\\/\\\/www.minedartenprovence.fr\\\/#website\"},\"primaryImageOfPage\":{\"@id\":\"https:\\\/\\\/www.minedartenprovence.fr\\\/index.php\\\/angelique-fontaine-couturiere-en-provence-verte\\\/#primaryimage\"},\"image\":{\"@id\":\"https:\\\/\\\/www.minedartenprovence.fr\\\/index.php\\\/angelique-fontaine-couturiere-en-provence-verte\\\/#primaryimage\"},\"thumbnailUrl\":\"https:\\\/\\\/www.minedartenprovence.fr\\\/wp-content\\\/uploads\\\/2026\\\/03\\\/logo-la-fee-clochette.jpg\",\"datePublished\":\"2026-03-09T10:45:51+00:00\",\"dateModified\":\"2026-03-09T13:01:50+00:00\",\"description\":\"Ang\u00e9lique FONTAINE Couturi\u00e8re \u00e0 Entrecasteaux en Provence Verte, membre de l'association Mine d'Art en Provence.\",\"breadcrumb\":{\"@id\":\"https:\\\/\\\/www.minedartenprovence.fr\\\/index.php\\\/angelique-fontaine-couturiere-en-provence-verte\\\/#breadcrumb\"},\"inLanguage\":\"fr-FR\",\"potentialAction\":[{\"@type\":\"ReadAction\",\"target\":[\"https:\\\/\\\/www.minedartenprovence.fr\\\/index.php\\\/angelique-fontaine-couturiere-en-provence-verte\\\/\"]}]},{\"@type\":\"ImageObject\",\"inLanguage\":\"fr-FR\",\"@id\":\"https:\\\/\\\/www.minedartenprovence.fr\\\/index.php\\\/angelique-fontaine-couturiere-en-provence-verte\\\/#primaryimage\",\"url\":\"https:\\\/\\\/www.minedartenprovence.fr\\\/wp-content\\\/uploads\\\/2026\\\/03\\\/logo-la-fee-clochette.jpg\",\"contentUrl\":\"https:\\\/\\\/www.minedartenprovence.fr\\\/wp-content\\\/uploads\\\/2026\\\/03\\\/logo-la-fee-clochette.jpg\",\"width\":567,\"height\":516,\"caption\":\"Ang\u00e9lique FONTAINE, Laf\u00e9eclochette couturi\u00e8re \u00e0 Entrecasteaux\"},{\"@type\":\"BreadcrumbList\",\"@id\":\"https:\\\/\\\/www.minedartenprovence.fr\\\/index.php\\\/angelique-fontaine-couturiere-en-provence-verte\\\/#breadcrumb\",\"itemListElement\":[{\"@type\":\"ListItem\",\"position\":1,\"name\":\"Accueil\",\"item\":\"https:\\\/\\\/www.minedartenprovence.fr\\\/\"},{\"@type\":\"ListItem\",\"position\":2,\"name\":\"Ang\u00e9lique FONTAINE Couturi\u00e8re en Provence Verte\"}]},{\"@type\":\"WebSite\",\"@id\":\"https:\\\/\\\/www.minedartenprovence.fr\\\/#website\",\"url\":\"https:\\\/\\\/www.minedartenprovence.fr\\\/\",\"name\":\"Mine d&#039;Art en Provence\",\"description\":\"Association des professionnels des m\u00e9tiers d&#039;Art en Provence Verte\",\"publisher\":{\"@id\":\"https:\\\/\\\/www.minedartenprovence.fr\\\/#organization\"},\"potentialAction\":[{\"@type\":\"SearchAction\",\"target\":{\"@type\":\"EntryPoint\",\"urlTemplate\":\"https:\\\/\\\/www.minedartenprovence.fr\\\/?s={search_term_string}\"},\"query-input\":{\"@type\":\"PropertyValueSpecification\",\"valueRequired\":true,\"valueName\":\"search_term_string\"}}],\"inLanguage\":\"fr-FR\"},{\"@type\":\"Organization\",\"@id\":\"https:\\\/\\\/www.minedartenprovence.fr\\\/#organization\",\"name\":\"Mine d'Art en Provence\",\"url\":\"https:\\\/\\\/www.minedartenprovence.fr\\\/\",\"logo\":{\"@type\":\"ImageObject\",\"inLanguage\":\"fr-FR\",\"@id\":\"https:\\\/\\\/www.minedartenprovence.fr\\\/#\\\/schema\\\/logo\\\/image\\\/\",\"url\":\"https:\\\/\\\/www.minedartenprovence.fr\\\/wp-content\\\/uploads\\\/2023\\\/04\\\/logo-minedartenprovence-1.png\",\"contentUrl\":\"https:\\\/\\\/www.minedartenprovence.fr\\\/wp-content\\\/uploads\\\/2023\\\/04\\\/logo-minedartenprovence-1.png\",\"width\":500,\"height\":500,\"caption\":\"Mine d'Art en Provence\"},\"image\":{\"@id\":\"https:\\\/\\\/www.minedartenprovence.fr\\\/#\\\/schema\\\/logo\\\/image\\\/\"},\"sameAs\":[\"https:\\\/\\\/www.facebook.com\\\/profile.php?id=100091328405319\",\"https:\\\/\\\/www.instagram.com\\\/minedartenprovence\\\/\"]}]}<\/script>\n<!-- \/ Yoast SEO plugin. -->","yoast_head_json":{"title":"Ang\u00e9lique FONTAINE Couturi\u00e8re en Provence Verte","description":"Ang\u00e9lique FONTAINE Couturi\u00e8re \u00e0 Entrecasteaux en Provence Verte, membre de l'association Mine d'Art en Provence.","robots":{"index":"index","follow":"follow","max-snippet":"max-snippet:-1","max-image-preview":"max-image-preview:large","max-video-preview":"max-video-preview:-1"},"canonical":"https:\/\/www.minedartenprovence.fr\/index.php\/angelique-fontaine-couturiere-en-provence-verte\/","og_locale":"fr_FR","og_type":"article","og_title":"Ang\u00e9lique FONTAINE Couturi\u00e8re en Provence Verte","og_description":"Ang\u00e9lique FONTAINE Couturi\u00e8re \u00e0 Entrecasteaux en Provence Verte, membre de l'association Mine d'Art en Provence.","og_url":"https:\/\/www.minedartenprovence.fr\/index.php\/angelique-fontaine-couturiere-en-provence-verte\/","og_site_name":"Mine d&#039;Art en Provence","article_publisher":"https:\/\/www.facebook.com\/profile.php?id=100091328405319","article_modified_time":"2026-03-09T13:01:50+00:00","og_image":[{"width":567,"height":516,"url":"https:\/\/www.minedartenprovence.fr\/wp-content\/uploads\/2026\/03\/logo-la-fee-clochette.jpg","type":"image\/jpeg"}],"twitter_card":"summary_large_image","twitter_misc":{"Dur\u00e9e de lecture estim\u00e9e":"4 minutes"},"schema":{"@context":"https:\/\/schema.org","@graph":[{"@type":"WebPage","@id":"https:\/\/www.minedartenprovence.fr\/index.php\/angelique-fontaine-couturiere-en-provence-verte\/","url":"https:\/\/www.minedartenprovence.fr\/index.php\/angelique-fontaine-couturiere-en-provence-verte\/","name":"Ang\u00e9lique FONTAINE Couturi\u00e8re en Provence Verte","isPartOf":{"@id":"https:\/\/www.minedartenprovence.fr\/#website"},"primaryImageOfPage":{"@id":"https:\/\/www.minedartenprovence.fr\/index.php\/angelique-fontaine-couturiere-en-provence-verte\/#primaryimage"},"image":{"@id":"https:\/\/www.minedartenprovence.fr\/index.php\/angelique-fontaine-couturiere-en-provence-verte\/#primaryimage"},"thumbnailUrl":"https:\/\/www.minedartenprovence.fr\/wp-content\/uploads\/2026\/03\/logo-la-fee-clochette.jpg","datePublished":"2026-03-09T10:45:51+00:00","dateModified":"2026-03-09T13:01:50+00:00","description":"Ang\u00e9lique FONTAINE Couturi\u00e8re \u00e0 Entrecasteaux en Provence Verte, membre de l'association Mine d'Art en Provence.","breadcrumb":{"@id":"https:\/\/www.minedartenprovence.fr\/index.php\/angelique-fontaine-couturiere-en-provence-verte\/#breadcrumb"},"inLanguage":"fr-FR","potentialAction":[{"@type":"ReadAction","target":["https:\/\/www.minedartenprovence.fr\/index.php\/angelique-fontaine-couturiere-en-provence-verte\/"]}]},{"@type":"ImageObject","inLanguage":"fr-FR","@id":"https:\/\/www.minedartenprovence.fr\/index.php\/angelique-fontaine-couturiere-en-provence-verte\/#primaryimage","url":"https:\/\/www.minedartenprovence.fr\/wp-content\/uploads\/2026\/03\/logo-la-fee-clochette.jpg","contentUrl":"https:\/\/www.minedartenprovence.fr\/wp-content\/uploads\/2026\/03\/logo-la-fee-clochette.jpg","width":567,"height":516,"caption":"Ang\u00e9lique FONTAINE, Laf\u00e9eclochette couturi\u00e8re \u00e0 Entrecasteaux"},{"@type":"BreadcrumbList","@id":"https:\/\/www.minedartenprovence.fr\/index.php\/angelique-fontaine-couturiere-en-provence-verte\/#breadcrumb","itemListElement":[{"@type":"ListItem","position":1,"name":"Accueil","item":"https:\/\/www.minedartenprovence.fr\/"},{"@type":"ListItem","position":2,"name":"Ang\u00e9lique FONTAINE Couturi\u00e8re en Provence Verte"}]},{"@type":"WebSite","@id":"https:\/\/www.minedartenprovence.fr\/#website","url":"https:\/\/www.minedartenprovence.fr\/","name":"Mine d&#039;Art en Provence","description":"Association des professionnels des m\u00e9tiers d&#039;Art en Provence Verte","publisher":{"@id":"https:\/\/www.minedartenprovence.fr\/#organization"},"potentialAction":[{"@type":"SearchAction","target":{"@type":"EntryPoint","urlTemplate":"https:\/\/www.minedartenprovence.fr\/?s={search_term_string}"},"query-input":{"@type":"PropertyValueSpecification","valueRequired":true,"valueName":"search_term_string"}}],"inLanguage":"fr-FR"},{"@type":"Organization","@id":"https:\/\/www.minedartenprovence.fr\/#organization","name":"Mine d'Art en Provence","url":"https:\/\/www.minedartenprovence.fr\/","logo":{"@type":"ImageObject","inLanguage":"fr-FR","@id":"https:\/\/www.minedartenprovence.fr\/#\/schema\/logo\/image\/","url":"https:\/\/www.minedartenprovence.fr\/wp-content\/uploads\/2023\/04\/logo-minedartenprovence-1.png","contentUrl":"https:\/\/www.minedartenprovence.fr\/wp-content\/uploads\/2023\/04\/logo-minedartenprovence-1.png","width":500,"height":500,"caption":"Mine d'Art en Provence"},"image":{"@id":"https:\/\/www.minedartenprovence.fr\/#\/schema\/logo\/image\/"},"sameAs":["https:\/\/www.facebook.com\/profile.php?id=100091328405319","https:\/\/www.instagram.com\/minedartenprovence\/"]}]}},"_links":{"self":[{"href":"https:\/\/www.minedartenprovence.fr\/index.php\/wp-json\/wp\/v2\/pages\/8441","targetHints":{"allow":["GET"]}}],"collection":[{"href":"https:\/\/www.minedartenprovence.fr\/index.php\/wp-json\/wp\/v2\/pages"}],"about":[{"href":"https:\/\/www.minedartenprovence.fr\/index.php\/wp-json\/wp\/v2\/types\/page"}],"author":[{"embeddable":true,"href":"https:\/\/www.minedartenprovence.fr\/index.php\/wp-json\/wp\/v2\/users\/6"}],"replies":[{"embeddable":true,"href":"https:\/\/www.minedartenprovence.fr\/index.php\/wp-json\/wp\/v2\/comments?post=8441"}],"version-history":[{"count":28,"href":"https:\/\/www.minedartenprovence.fr\/index.php\/wp-json\/wp\/v2\/pages\/8441\/revisions"}],"predecessor-version":[{"id":8560,"href":"https:\/\/www.minedartenprovence.fr\/index.php\/wp-json\/wp\/v2\/pages\/8441\/revisions\/8560"}],"wp:featuredmedia":[{"embeddable":true,"href":"https:\/\/www.minedartenprovence.fr\/index.php\/wp-json\/wp\/v2\/media\/8385"}],"wp:attachment":[{"href":"https:\/\/www.minedartenprovence.fr\/index.php\/wp-json\/wp\/v2\/media?parent=8441"}],"curies":[{"name":"wp","href":"https:\/\/api.w.org\/{rel}","templated":true}]}}