{"id":5465,"date":"2024-08-27T17:45:49","date_gmt":"2024-08-27T15:45:49","guid":{"rendered":"https:\/\/www.minedartenprovence.fr\/?page_id=5465"},"modified":"2025-07-03T13:44:25","modified_gmt":"2025-07-03T11:44:25","slug":"les-cousardes-couturieres-et-tapissieres-dameublement-artisans-dart-en-provence-verte","status":"publish","type":"page","link":"https:\/\/www.minedartenprovence.fr\/index.php\/les-cousardes-couturieres-et-tapissieres-dameublement-artisans-dart-en-provence-verte\/","title":{"rendered":"Les Cousardes &#8211; Couturi\u00e8res et tapissi\u00e8res d&rsquo;ameublement"},"content":{"rendered":"\t\t<div data-elementor-type=\"wp-page\" data-elementor-id=\"5465\" class=\"elementor elementor-5465\">\n\t\t\t\t\t\t<section class=\"elementor-section elementor-top-section elementor-element elementor-element-679cd61 elementor-section-boxed elementor-section-height-default elementor-section-height-default\" data-id=\"679cd61\" data-element_type=\"section\" data-e-type=\"section\">\n\t\t\t\t\t\t<div class=\"elementor-container elementor-column-gap-default\">\n\t\t\t\t\t<div class=\"elementor-column elementor-col-50 elementor-top-column elementor-element elementor-element-56ba553\" data-id=\"56ba553\" data-element_type=\"column\" data-e-type=\"column\">\n\t\t\t<div class=\"elementor-widget-wrap elementor-element-populated\">\n\t\t\t\t\t\t<div class=\"elementor-element elementor-element-3f430f4 elementor-widget elementor-widget-image\" data-id=\"3f430f4\" data-element_type=\"widget\" data-e-type=\"widget\" data-widget_type=\"image.default\">\n\t\t\t\t<div class=\"elementor-widget-container\">\n\t\t\t\t\t\t\t\t\t\t\t\t<figure class=\"wp-caption\">\n\t\t\t\t\t\t\t\t\t\t<img decoding=\"async\" src=\"https:\/\/www.minedartenprovence.fr\/wp-content\/uploads\/2024\/09\/image.png\" title=\"Les Cousardes Couturi\u00e8res et tapissi\u00e8res d&rsquo;ameublement artisans d&rsquo;art en provence verte\" alt=\"Les Cousardes \u2013 Couturi\u00e8res et tapissi\u00e8res d\u2019ameublement\" loading=\"lazy\" \/>\t\t\t\t\t\t\t\t\t\t\t<figcaption class=\"widget-image-caption wp-caption-text\">Les Cousardes\u00ae<\/figcaption>\n\t\t\t\t\t\t\t\t\t\t<\/figure>\n\t\t\t\t\t\t\t\t\t<\/div>\n\t\t\t\t<\/div>\n\t\t\t\t\t<\/div>\n\t\t<\/div>\n\t\t\t\t<div class=\"elementor-column elementor-col-50 elementor-top-column elementor-element elementor-element-bc4f197\" data-id=\"bc4f197\" data-element_type=\"column\" data-e-type=\"column\">\n\t\t\t<div class=\"elementor-widget-wrap elementor-element-populated\">\n\t\t\t\t\t\t<div class=\"elementor-element elementor-element-e42eece elementor-widget elementor-widget-heading\" data-id=\"e42eece\" data-element_type=\"widget\" data-e-type=\"widget\" data-widget_type=\"heading.default\">\n\t\t\t\t<div class=\"elementor-widget-container\">\n\t\t\t\t\t<h1 class=\"elementor-heading-title elementor-size-default\"><b>C\u00e9cile DAVID &amp; Sylvie AZEMA<\/b><br><b>Les Cousardes\u00ae<\/b><br>\nCouturi\u00e8res et tapissi\u00e8res d'ameublement<br><\/h1>\t\t\t\t<\/div>\n\t\t\t\t<\/div>\n\t\t\t\t\t<\/div>\n\t\t<\/div>\n\t\t\t\t\t<\/div>\n\t\t<\/section>\n\t\t\t\t<section class=\"elementor-section elementor-top-section elementor-element elementor-element-b2c4df5 elementor-section-boxed elementor-section-height-default elementor-section-height-default\" data-id=\"b2c4df5\" data-element_type=\"section\" data-e-type=\"section\">\n\t\t\t\t\t\t<div class=\"elementor-container elementor-column-gap-default\">\n\t\t\t\t\t<div class=\"elementor-column elementor-col-33 elementor-top-column elementor-element elementor-element-ef49f3e\" data-id=\"ef49f3e\" data-element_type=\"column\" data-e-type=\"column\">\n\t\t\t<div class=\"elementor-widget-wrap elementor-element-populated\">\n\t\t\t\t\t\t<div class=\"elementor-element elementor-element-f9ca594 elementor-widget__width-initial elementor-widget elementor-widget-image\" data-id=\"f9ca594\" data-element_type=\"widget\" data-e-type=\"widget\" data-widget_type=\"image.default\">\n\t\t\t\t<div class=\"elementor-widget-container\">\n\t\t\t\t\t\t\t\t\t\t\t\t\t\t\t<img decoding=\"async\" src=\"https:\/\/www.minedartenprovence.fr\/wp-content\/uploads\/elementor\/thumbs\/portraits-scaled-r87nend3dibl6idnb51dljfjrwmyrxwi8mx59kvheg.jpg\" title=\"portraits Les Cousardes Couturi\u00e8res et tapissi\u00e8res d&rsquo;ameublement artisans d&rsquo;art en provence verte\" alt=\"Les Cousardes Couturi\u00e8res et tapissi\u00e8res d&#039;ameublement artisans d&#039;art en provence verte\" loading=\"lazy\" \/>\t\t\t\t\t\t\t\t\t\t\t\t\t\t\t<\/div>\n\t\t\t\t<\/div>\n\t\t\t\t\t<\/div>\n\t\t<\/div>\n\t\t\t\t<div class=\"elementor-column elementor-col-33 elementor-top-column elementor-element elementor-element-f643cdc\" data-id=\"f643cdc\" data-element_type=\"column\" data-e-type=\"column\">\n\t\t\t<div class=\"elementor-widget-wrap\">\n\t\t\t\t\t\t\t<\/div>\n\t\t<\/div>\n\t\t\t\t<div class=\"elementor-column elementor-col-33 elementor-top-column elementor-element elementor-element-eea841c\" data-id=\"eea841c\" data-element_type=\"column\" data-e-type=\"column\">\n\t\t\t<div class=\"elementor-widget-wrap elementor-element-populated\">\n\t\t\t\t\t\t<div class=\"elementor-element elementor-element-4235597 elementor-widget__width-initial elementor-widget elementor-widget-text-editor\" data-id=\"4235597\" data-element_type=\"widget\" data-e-type=\"widget\" data-widget_type=\"text-editor.default\">\n\t\t\t\t<div class=\"elementor-widget-container\">\n\t\t\t\t\t\t\t\t\t<p><strong><em>\u00ab\u00a0Artisanes d\u2019Art d&rsquo;\u00e9toffes oubli\u00e9es, nous sommes des exploratrices textiles en tapisserie d\u2019ameublement, d\u00e9coration textile et bagagerie.\u00a0\u00bb<\/em><\/strong><\/p>\t\t\t\t\t\t\t\t<\/div>\n\t\t\t\t<\/div>\n\t\t\t\t<div class=\"elementor-element elementor-element-81650db elementor-widget__width-initial elementor-widget elementor-widget-text-editor\" data-id=\"81650db\" data-element_type=\"widget\" data-e-type=\"widget\" data-widget_type=\"text-editor.default\">\n\t\t\t\t<div class=\"elementor-widget-container\">\n\t\t\t\t\t\t\t\t\t<p>Notre univers cr\u00e9atif est constamment nourri par le vaste champ des \u00e9toffes anciennes d\u2019o\u00f9 nous tirons nos inspirations pour mettre au point de nouvelles techniques de couture et des mod\u00e8les particuliers.<br \/>Nous perp\u00e9tuons l\u2019Histoire des textiles de notre patrimoine, puis nous nous les r\u00e9approprions tout en respectant leur valeur culturelle.<\/p><p>La protection de l\u2019environnement et l\u2019\u00e9conomie circulaire font partie des principes fondateurs de notre activit\u00e9. Dans cet esprit, nous cr\u00e9ons notamment des objets textiles gr\u00e2ce \u00e0 une technique d\u2019agglom\u00e9ration de chutes textiles qui nous est propre. Ce style est inspir\u00e9 du concept de wabi-sabi, l\u2019art et la beaut\u00e9 de l&rsquo;imperfection.<br \/>Vos commandes sur-mesure sont bienvenues si vous voulez perp\u00e9tuer l\u2019histoire de vos propres textiles familiaux. Notre particularit\u00e9 nous permet d\u2019offrir la possibilit\u00e9 aux clients de choisir des textiles anciens ou de seconde main pour leurs travaux, s\u2019ils souhaitent, comme nous, favoriser le d\u00e9veloppement durable.<\/p><p>Lorsque l\u2019utilisation de tissus reconditionn\u00e9s n\u2019est pas possible, nous proposons l\u2019acc\u00e8s aux plus grands \u00e9diteurs textiles en favorisant ceux qui proposent une fabrication fran\u00e7aise, un esprit d\u2019\u00e9co-production et\/ou de textiles ayant un label \u00e9cologique, parmi eux : Pierre Frey, Toile de Mayenne, Edmond Petit, Charles Burger, Vano etc\u2026<\/p>\t\t\t\t\t\t\t\t<\/div>\n\t\t\t\t<\/div>\n\t\t\t\t\t<\/div>\n\t\t<\/div>\n\t\t\t\t\t<\/div>\n\t\t<\/section>\n\t\t\t\t<section class=\"elementor-section elementor-top-section elementor-element elementor-element-2122567 elementor-section-boxed elementor-section-height-default elementor-section-height-default\" data-id=\"2122567\" data-element_type=\"section\" data-e-type=\"section\">\n\t\t\t\t\t\t<div class=\"elementor-container elementor-column-gap-default\">\n\t\t\t\t\t<div class=\"elementor-column elementor-col-33 elementor-top-column elementor-element elementor-element-055324e\" data-id=\"055324e\" data-element_type=\"column\" data-e-type=\"column\">\n\t\t\t<div class=\"elementor-widget-wrap elementor-element-populated\">\n\t\t\t\t\t\t<div class=\"elementor-element elementor-element-6aa2eca elementor-widget elementor-widget-image\" data-id=\"6aa2eca\" data-element_type=\"widget\" data-e-type=\"widget\" data-widget_type=\"image.default\">\n\t\t\t\t<div class=\"elementor-widget-container\">\n\t\t\t\t\t\t\t\t\t\t\t\t\t\t\t<img fetchpriority=\"high\" decoding=\"async\" width=\"225\" height=\"300\" src=\"https:\/\/www.minedartenprovence.fr\/wp-content\/uploads\/2024\/08\/Sur-mesure-Canape-225x300.jpg\" class=\"attachment-medium size-medium wp-image-5474\" alt=\"Les Cousardes Couturi\u00e8res et tapissi\u00e8res d&#039;ameublement artisans d&#039;art en provence verte\" srcset=\"https:\/\/www.minedartenprovence.fr\/wp-content\/uploads\/2024\/08\/Sur-mesure-Canape-225x300.jpg 225w, https:\/\/www.minedartenprovence.fr\/wp-content\/uploads\/2024\/08\/Sur-mesure-Canape-768x1024.jpg 768w, https:\/\/www.minedartenprovence.fr\/wp-content\/uploads\/2024\/08\/Sur-mesure-Canape-1152x1536.jpg 1152w, https:\/\/www.minedartenprovence.fr\/wp-content\/uploads\/2024\/08\/Sur-mesure-Canape-1536x2048.jpg 1536w, https:\/\/www.minedartenprovence.fr\/wp-content\/uploads\/2024\/08\/Sur-mesure-Canape-scaled.jpg 1920w\" sizes=\"(max-width: 225px) 100vw, 225px\" \/>\t\t\t\t\t\t\t\t\t\t\t\t\t\t\t<\/div>\n\t\t\t\t<\/div>\n\t\t\t\t\t<\/div>\n\t\t<\/div>\n\t\t\t\t<div class=\"elementor-column elementor-col-33 elementor-top-column elementor-element elementor-element-92dc702\" data-id=\"92dc702\" data-element_type=\"column\" data-e-type=\"column\">\n\t\t\t<div class=\"elementor-widget-wrap elementor-element-populated\">\n\t\t\t\t\t\t<div class=\"elementor-element elementor-element-9c0e5cc elementor-widget elementor-widget-image\" data-id=\"9c0e5cc\" data-element_type=\"widget\" data-e-type=\"widget\" data-widget_type=\"image.default\">\n\t\t\t\t<div class=\"elementor-widget-container\">\n\t\t\t\t\t\t\t\t\t\t\t\t\t\t\t<img decoding=\"async\" width=\"225\" height=\"300\" src=\"https:\/\/www.minedartenprovence.fr\/wp-content\/uploads\/2025\/07\/Crea-3-web-225x300.jpg\" class=\"attachment-medium size-medium wp-image-8105\" alt=\"Les Cousardes Couturi\u00e8res et tapissi\u00e8res d&#039;ameublement artisans d&#039;art en provence verte\" srcset=\"https:\/\/www.minedartenprovence.fr\/wp-content\/uploads\/2025\/07\/Crea-3-web-225x300.jpg 225w, https:\/\/www.minedartenprovence.fr\/wp-content\/uploads\/2025\/07\/Crea-3-web-768x1024.jpg 768w, https:\/\/www.minedartenprovence.fr\/wp-content\/uploads\/2025\/07\/Crea-3-web-1152x1536.jpg 1152w, https:\/\/www.minedartenprovence.fr\/wp-content\/uploads\/2025\/07\/Crea-3-web-1536x2048.jpg 1536w, https:\/\/www.minedartenprovence.fr\/wp-content\/uploads\/2025\/07\/Crea-3-web-scaled.jpg 1920w\" sizes=\"(max-width: 225px) 100vw, 225px\" \/>\t\t\t\t\t\t\t\t\t\t\t\t\t\t\t<\/div>\n\t\t\t\t<\/div>\n\t\t\t\t\t<\/div>\n\t\t<\/div>\n\t\t\t\t<div class=\"elementor-column elementor-col-33 elementor-top-column elementor-element elementor-element-e78fd46\" data-id=\"e78fd46\" data-element_type=\"column\" data-e-type=\"column\">\n\t\t\t<div class=\"elementor-widget-wrap elementor-element-populated\">\n\t\t\t\t\t\t<div class=\"elementor-element elementor-element-da1baa6 elementor-widget elementor-widget-image\" data-id=\"da1baa6\" data-element_type=\"widget\" data-e-type=\"widget\" data-widget_type=\"image.default\">\n\t\t\t\t<div class=\"elementor-widget-container\">\n\t\t\t\t\t\t\t\t\t\t\t\t\t\t\t<img decoding=\"async\" width=\"225\" height=\"300\" src=\"https:\/\/www.minedartenprovence.fr\/wp-content\/uploads\/2025\/07\/rideaux-su-mesure-web-225x300.jpg\" class=\"attachment-medium size-medium wp-image-8106\" alt=\"Les Cousardes Couturi\u00e8res et tapissi\u00e8res d&#039;ameublement artisans d&#039;art en provence verte\" srcset=\"https:\/\/www.minedartenprovence.fr\/wp-content\/uploads\/2025\/07\/rideaux-su-mesure-web-225x300.jpg 225w, https:\/\/www.minedartenprovence.fr\/wp-content\/uploads\/2025\/07\/rideaux-su-mesure-web-768x1024.jpg 768w, https:\/\/www.minedartenprovence.fr\/wp-content\/uploads\/2025\/07\/rideaux-su-mesure-web-1152x1536.jpg 1152w, https:\/\/www.minedartenprovence.fr\/wp-content\/uploads\/2025\/07\/rideaux-su-mesure-web-1536x2048.jpg 1536w, https:\/\/www.minedartenprovence.fr\/wp-content\/uploads\/2025\/07\/rideaux-su-mesure-web-scaled.jpg 1920w\" sizes=\"(max-width: 225px) 100vw, 225px\" \/>\t\t\t\t\t\t\t\t\t\t\t\t\t\t\t<\/div>\n\t\t\t\t<\/div>\n\t\t\t\t\t<\/div>\n\t\t<\/div>\n\t\t\t\t\t<\/div>\n\t\t<\/section>\n\t\t\t\t<section class=\"elementor-section elementor-top-section elementor-element elementor-element-8f03c3e elementor-section-boxed elementor-section-height-default elementor-section-height-default\" data-id=\"8f03c3e\" data-element_type=\"section\" data-e-type=\"section\">\n\t\t\t\t\t\t<div class=\"elementor-container elementor-column-gap-default\">\n\t\t\t\t\t<div class=\"elementor-column elementor-col-100 elementor-top-column elementor-element elementor-element-d21adbe\" data-id=\"d21adbe\" data-element_type=\"column\" data-e-type=\"column\">\n\t\t\t<div class=\"elementor-widget-wrap elementor-element-populated\">\n\t\t\t\t\t\t<div class=\"elementor-element elementor-element-ddf0c12 elementor-widget__width-initial elementor-widget elementor-widget-spacer\" data-id=\"ddf0c12\" data-element_type=\"widget\" data-e-type=\"widget\" data-widget_type=\"spacer.default\">\n\t\t\t\t<div class=\"elementor-widget-container\">\n\t\t\t\t\t\t\t<div class=\"elementor-spacer\">\n\t\t\t<div class=\"elementor-spacer-inner\"><\/div>\n\t\t<\/div>\n\t\t\t\t\t\t<\/div>\n\t\t\t\t<\/div>\n\t\t\t\t\t<\/div>\n\t\t<\/div>\n\t\t\t\t\t<\/div>\n\t\t<\/section>\n\t\t\t\t<section class=\"elementor-section elementor-top-section elementor-element elementor-element-9638660 elementor-section-boxed elementor-section-height-default elementor-section-height-default\" data-id=\"9638660\" data-element_type=\"section\" data-e-type=\"section\">\n\t\t\t\t\t\t<div class=\"elementor-container elementor-column-gap-default\">\n\t\t\t\t\t<div class=\"elementor-column elementor-col-100 elementor-top-column elementor-element elementor-element-fb36f92\" data-id=\"fb36f92\" data-element_type=\"column\" data-e-type=\"column\">\n\t\t\t<div class=\"elementor-widget-wrap elementor-element-populated\">\n\t\t\t\t\t\t<div class=\"elementor-element elementor-element-cc9d39d elementor-widget__width-initial elementor-widget elementor-widget-text-editor\" data-id=\"cc9d39d\" data-element_type=\"widget\" data-e-type=\"widget\" data-widget_type=\"text-editor.default\">\n\t\t\t\t<div class=\"elementor-widget-container\">\n\t\t\t\t\t\t\t\t\t<p><strong><em><span class=\"OYPEnA font-feature-liga-off font-feature-clig-off font-feature-calt-off text-decoration-none text-strikethrough-none\">Les Cousardes@, une histoire de famille et de passionn\u00e9es, Sylvie et C\u00e9cile sont des exploratrices textiles.<\/span><\/em><\/strong><\/p>\t\t\t\t\t\t\t\t<\/div>\n\t\t\t\t<\/div>\n\t\t\t\t<div class=\"elementor-element elementor-element-6d387af elementor-widget__width-initial elementor-widget elementor-widget-text-editor\" data-id=\"6d387af\" data-element_type=\"widget\" data-e-type=\"widget\" data-widget_type=\"text-editor.default\">\n\t\t\t\t<div class=\"elementor-widget-container\">\n\t\t\t\t\t\t\t\t\t<p><b>C\u00e9cile DAVID &#8230; Belle-Fille<\/b><br \/>Artisane d&rsquo;art textile et tapissi\u00e8re d\u00e9coratrice form\u00e9e par un professeur de l&rsquo;\u00c9cole Boulle et meilleur ouvrier de France, elle aime la nouveaut\u00e9 et les exp\u00e9rimentations de la mati\u00e8re. Pour elle, chaque cr\u00e9ation est un heureux \u00e9v\u00e9nement.<br \/><em>\u00ab\u00a0Le choix des mati\u00e8res et des couleurs est invariablement un immense plaisir. J&rsquo;imagine l&rsquo;objet \u00e0 venir et une fois termin\u00e9, il est toujours une d\u00e9couverte, un \u00e9merveillement.\u00a0\u00bb<\/em><\/p><p><b>Sylvie AZEMA &#8230; Belle-M\u00e8re<\/b><br \/>Cr\u00e9atrice-designer textile, elle b\u00e9n\u00e9ficie de 40 ans d&rsquo;exp\u00e9rience dans la couture ainsi que 10 ans dans un Atelier de Confection de haute qualit\u00e9 (Salon Maison &amp; Objet Paris).Elle parle \u00e0 ses machines pour mieux les apprivoiser.<\/p><p><em>\u00ab\u00a0Je suis dans une recherche constante pour arriver \u00e0 mon Graal : la Perfection. Un inaccessible qui me pousse toujours plus loin dans mon travail avec \u00e0 la cl\u00e9 : la satisfaction d&rsquo;avoir accompli quelque chose. Coudre et cr\u00e9er sont devenus les indispensables de mon quotidien.\u00a0\u00bb<\/em><\/p>\t\t\t\t\t\t\t\t<\/div>\n\t\t\t\t<\/div>\n\t\t\t\t\t<\/div>\n\t\t<\/div>\n\t\t\t\t\t<\/div>\n\t\t<\/section>\n\t\t\t\t<section class=\"elementor-section elementor-top-section elementor-element elementor-element-b0db74c elementor-section-boxed elementor-section-height-default elementor-section-height-default\" data-id=\"b0db74c\" data-element_type=\"section\" data-e-type=\"section\">\n\t\t\t\t\t\t<div class=\"elementor-container elementor-column-gap-default\">\n\t\t\t\t\t<div class=\"elementor-column elementor-col-100 elementor-top-column elementor-element elementor-element-78fb031\" data-id=\"78fb031\" data-element_type=\"column\" data-e-type=\"column\">\n\t\t\t<div class=\"elementor-widget-wrap elementor-element-populated\">\n\t\t\t\t\t\t<div class=\"elementor-element elementor-element-fe4fa2b elementor-widget__width-initial elementor-widget elementor-widget-spacer\" data-id=\"fe4fa2b\" data-element_type=\"widget\" data-e-type=\"widget\" data-widget_type=\"spacer.default\">\n\t\t\t\t<div class=\"elementor-widget-container\">\n\t\t\t\t\t\t\t<div class=\"elementor-spacer\">\n\t\t\t<div class=\"elementor-spacer-inner\"><\/div>\n\t\t<\/div>\n\t\t\t\t\t\t<\/div>\n\t\t\t\t<\/div>\n\t\t\t\t\t<\/div>\n\t\t<\/div>\n\t\t\t\t\t<\/div>\n\t\t<\/section>\n\t\t\t\t<section class=\"elementor-section elementor-top-section elementor-element elementor-element-38e40cd elementor-section-boxed elementor-section-height-default elementor-section-height-default\" data-id=\"38e40cd\" data-element_type=\"section\" data-e-type=\"section\">\n\t\t\t\t\t\t<div class=\"elementor-container elementor-column-gap-default\">\n\t\t\t\t\t<div class=\"elementor-column elementor-col-33 elementor-top-column elementor-element elementor-element-63e8334\" data-id=\"63e8334\" data-element_type=\"column\" data-e-type=\"column\">\n\t\t\t<div class=\"elementor-widget-wrap elementor-element-populated\">\n\t\t\t\t\t\t<div class=\"elementor-element elementor-element-76d38f1 elementor-widget elementor-widget-image\" data-id=\"76d38f1\" data-element_type=\"widget\" data-e-type=\"widget\" data-widget_type=\"image.default\">\n\t\t\t\t<div class=\"elementor-widget-container\">\n\t\t\t\t\t\t\t\t\t\t\t\t\t\t\t<img decoding=\"async\" src=\"https:\/\/www.minedartenprovence.fr\/wp-content\/uploads\/elementor\/thumbs\/IMG_9375r-scaled-q5gyl7w1wc0o8lmswwtffmqrv3s58c7jocwj7nhoji.jpg\" title=\"Les Cousardes Couturi\u00e8res et tapissi\u00e8res d&rsquo;ameublement artisans d&rsquo;art en provence verte\" alt=\"Les Cousardes Couturi\u00e8res et tapissi\u00e8res d&#039;ameublement artisans d&#039;art en provence verte\" loading=\"lazy\" \/>\t\t\t\t\t\t\t\t\t\t\t\t\t\t\t<\/div>\n\t\t\t\t<\/div>\n\t\t\t\t\t<\/div>\n\t\t<\/div>\n\t\t\t\t<div class=\"elementor-column elementor-col-33 elementor-top-column elementor-element elementor-element-0aaaf4b\" data-id=\"0aaaf4b\" data-element_type=\"column\" data-e-type=\"column\">\n\t\t\t<div class=\"elementor-widget-wrap elementor-element-populated\">\n\t\t\t\t\t\t<div class=\"elementor-element elementor-element-f46dfbe elementor-widget elementor-widget-text-editor\" data-id=\"f46dfbe\" data-element_type=\"widget\" data-e-type=\"widget\" data-widget_type=\"text-editor.default\">\n\t\t\t\t<div class=\"elementor-widget-container\">\n\t\t\t\t\t\t\t\t\t<h1>Contact<\/h1>\t\t\t\t\t\t\t\t<\/div>\n\t\t\t\t<\/div>\n\t\t\t\t\t<\/div>\n\t\t<\/div>\n\t\t\t\t<div class=\"elementor-column elementor-col-33 elementor-top-column elementor-element elementor-element-cf1349b\" data-id=\"cf1349b\" data-element_type=\"column\" data-e-type=\"column\">\n\t\t\t<div class=\"elementor-widget-wrap elementor-element-populated\">\n\t\t\t\t\t\t<div class=\"elementor-element elementor-element-e5fb3d4 elementor-widget__width-initial elementor-widget elementor-widget-text-editor\" data-id=\"e5fb3d4\" data-element_type=\"widget\" data-e-type=\"widget\" data-widget_type=\"text-editor.default\">\n\t\t\t\t<div class=\"elementor-widget-container\">\n\t\t\t\t\t\t\t\t\t<p><strong><a href=\"https:\/\/www.lescousardes.com\">https:\/\/www.lescousardes.com<\/a><\/strong><br \/>Instagram.com : les_cousardes<br \/>06 10 10 17 69 &#8211; 06 37 44 98 80<br \/><b>83 &#8211; LE VAL<\/b><\/p>\t\t\t\t\t\t\t\t<\/div>\n\t\t\t\t<\/div>\n\t\t\t\t\t<\/div>\n\t\t<\/div>\n\t\t\t\t\t<\/div>\n\t\t<\/section>\n\t\t\t\t<\/div>\n\t\t","protected":false},"excerpt":{"rendered":"<p>Les Cousardes\u00ae C\u00e9cile DAVID &amp; Sylvie AZEMALes Cousardes\u00ae Couturi\u00e8res et tapissi\u00e8res d&rsquo;ameublement \u00ab\u00a0Artisanes d\u2019Art d&rsquo;\u00e9toffes oubli\u00e9es, nous sommes des exploratrices textiles en tapisserie d\u2019ameublement, d\u00e9coration textile et bagagerie.\u00a0\u00bb Notre univers cr\u00e9atif est constamment nourri par le vaste champ des \u00e9toffes anciennes d\u2019o\u00f9 nous tirons nos inspirations pour mettre au point de nouvelles techniques de couture [&hellip;]<\/p>\n","protected":false},"author":6,"featured_media":5473,"parent":0,"menu_order":0,"comment_status":"closed","ping_status":"closed","template":"elementor_header_footer","meta":{"ocean_post_layout":"","ocean_both_sidebars_style":"","ocean_both_sidebars_content_width":0,"ocean_both_sidebars_sidebars_width":0,"ocean_sidebar":"0","ocean_second_sidebar":"0","ocean_disable_margins":"enable","ocean_add_body_class":"","ocean_shortcode_before_top_bar":"","ocean_shortcode_after_top_bar":"","ocean_shortcode_before_header":"","ocean_shortcode_after_header":"","ocean_has_shortcode":"","ocean_shortcode_after_title":"","ocean_shortcode_before_footer_widgets":"","ocean_shortcode_after_footer_widgets":"","ocean_shortcode_before_footer_bottom":"","ocean_shortcode_after_footer_bottom":"","ocean_display_top_bar":"default","ocean_display_header":"default","ocean_header_style":"","ocean_center_header_left_menu":"0","ocean_custom_header_template":"0","ocean_custom_logo":0,"ocean_custom_retina_logo":0,"ocean_custom_logo_max_width":0,"ocean_custom_logo_tablet_max_width":0,"ocean_custom_logo_mobile_max_width":0,"ocean_custom_logo_max_height":0,"ocean_custom_logo_tablet_max_height":0,"ocean_custom_logo_mobile_max_height":0,"ocean_header_custom_menu":"0","ocean_menu_typo_font_family":"0","ocean_menu_typo_font_subset":"","ocean_menu_typo_font_size":0,"ocean_menu_typo_font_size_tablet":0,"ocean_menu_typo_font_size_mobile":0,"ocean_menu_typo_font_size_unit":"px","ocean_menu_typo_font_weight":"","ocean_menu_typo_font_weight_tablet":"","ocean_menu_typo_font_weight_mobile":"","ocean_menu_typo_transform":"","ocean_menu_typo_transform_tablet":"","ocean_menu_typo_transform_mobile":"","ocean_menu_typo_line_height":0,"ocean_menu_typo_line_height_tablet":0,"ocean_menu_typo_line_height_mobile":0,"ocean_menu_typo_line_height_unit":"","ocean_menu_typo_spacing":0,"ocean_menu_typo_spacing_tablet":0,"ocean_menu_typo_spacing_mobile":0,"ocean_menu_typo_spacing_unit":"","ocean_menu_link_color":"","ocean_menu_link_color_hover":"","ocean_menu_link_color_active":"","ocean_menu_link_background":"","ocean_menu_link_hover_background":"","ocean_menu_link_active_background":"","ocean_menu_social_links_bg":"","ocean_menu_social_hover_links_bg":"","ocean_menu_social_links_color":"","ocean_menu_social_hover_links_color":"","ocean_disable_title":"default","ocean_disable_heading":"default","ocean_post_title":"","ocean_post_subheading":"","ocean_post_title_style":"","ocean_post_title_background_color":"","ocean_post_title_background":0,"ocean_post_title_bg_image_position":"","ocean_post_title_bg_image_attachment":"","ocean_post_title_bg_image_repeat":"","ocean_post_title_bg_image_size":"","ocean_post_title_height":0,"ocean_post_title_bg_overlay":0.5,"ocean_post_title_bg_overlay_color":"","ocean_disable_breadcrumbs":"default","ocean_breadcrumbs_color":"","ocean_breadcrumbs_separator_color":"","ocean_breadcrumbs_links_color":"","ocean_breadcrumbs_links_hover_color":"","ocean_display_footer_widgets":"default","ocean_display_footer_bottom":"default","ocean_custom_footer_template":"0","footnotes":""},"class_list":["post-5465","page","type-page","status-publish","has-post-thumbnail","hentry","entry","has-media"],"yoast_head":"<!-- This site is optimized with the Yoast SEO plugin v27.4 - https:\/\/yoast.com\/product\/yoast-seo-wordpress\/ -->\n<title>Les Cousardes Couturi\u00e8res et tapissi\u00e8res d&#039;ameublement Le Val 83<\/title>\n<meta name=\"description\" content=\"Les Cousardes - Couturi\u00e8res et tapissi\u00e8res d&#039;ameublement : m\u00e9tiers d&#039;Art dans l&#039;association Mine d&#039;Art en Provence Verte.\" \/>\n<meta name=\"robots\" content=\"index, follow, max-snippet:-1, max-image-preview:large, max-video-preview:-1\" \/>\n<link rel=\"canonical\" href=\"https:\/\/www.minedartenprovence.fr\/index.php\/les-cousardes-couturieres-et-tapissieres-dameublement-artisans-dart-en-provence-verte\/\" \/>\n<meta property=\"og:locale\" content=\"fr_FR\" \/>\n<meta property=\"og:type\" content=\"article\" \/>\n<meta property=\"og:title\" content=\"Les Cousardes Couturi\u00e8res et tapissi\u00e8res d&#039;ameublement Le Val 83\" \/>\n<meta property=\"og:description\" content=\"Les Cousardes - Couturi\u00e8res et tapissi\u00e8res d&#039;ameublement : m\u00e9tiers d&#039;Art dans l&#039;association Mine d&#039;Art en Provence Verte.\" \/>\n<meta property=\"og:url\" content=\"https:\/\/www.minedartenprovence.fr\/index.php\/les-cousardes-couturieres-et-tapissieres-dameublement-artisans-dart-en-provence-verte\/\" \/>\n<meta property=\"og:site_name\" content=\"Mine d&#039;Art en Provence\" \/>\n<meta property=\"article:publisher\" content=\"https:\/\/www.facebook.com\/profile.php?id=100091328405319\" \/>\n<meta property=\"article:modified_time\" content=\"2025-07-03T11:44:25+00:00\" \/>\n<meta property=\"og:image\" content=\"https:\/\/www.minedartenprovence.fr\/wp-content\/uploads\/2024\/08\/Instal-2.jpg\" \/>\n\t<meta property=\"og:image:width\" content=\"2313\" \/>\n\t<meta property=\"og:image:height\" content=\"2313\" \/>\n\t<meta property=\"og:image:type\" content=\"image\/jpeg\" \/>\n<meta name=\"twitter:card\" content=\"summary_large_image\" \/>\n<meta name=\"twitter:label1\" content=\"Dur\u00e9e de lecture estim\u00e9e\" \/>\n\t<meta name=\"twitter:data1\" content=\"4 minutes\" \/>\n<script type=\"application\/ld+json\" class=\"yoast-schema-graph\">{\"@context\":\"https:\\\/\\\/schema.org\",\"@graph\":[{\"@type\":\"WebPage\",\"@id\":\"https:\\\/\\\/www.minedartenprovence.fr\\\/index.php\\\/les-cousardes-couturieres-et-tapissieres-dameublement-artisans-dart-en-provence-verte\\\/\",\"url\":\"https:\\\/\\\/www.minedartenprovence.fr\\\/index.php\\\/les-cousardes-couturieres-et-tapissieres-dameublement-artisans-dart-en-provence-verte\\\/\",\"name\":\"Les Cousardes Couturi\u00e8res et tapissi\u00e8res d'ameublement Le Val 83\",\"isPartOf\":{\"@id\":\"https:\\\/\\\/www.minedartenprovence.fr\\\/#website\"},\"primaryImageOfPage\":{\"@id\":\"https:\\\/\\\/www.minedartenprovence.fr\\\/index.php\\\/les-cousardes-couturieres-et-tapissieres-dameublement-artisans-dart-en-provence-verte\\\/#primaryimage\"},\"image\":{\"@id\":\"https:\\\/\\\/www.minedartenprovence.fr\\\/index.php\\\/les-cousardes-couturieres-et-tapissieres-dameublement-artisans-dart-en-provence-verte\\\/#primaryimage\"},\"thumbnailUrl\":\"https:\\\/\\\/www.minedartenprovence.fr\\\/wp-content\\\/uploads\\\/2024\\\/08\\\/Instal-2.jpg\",\"datePublished\":\"2024-08-27T15:45:49+00:00\",\"dateModified\":\"2025-07-03T11:44:25+00:00\",\"description\":\"Les Cousardes - Couturi\u00e8res et tapissi\u00e8res d'ameublement : m\u00e9tiers d'Art dans l'association Mine d'Art en Provence Verte.\",\"breadcrumb\":{\"@id\":\"https:\\\/\\\/www.minedartenprovence.fr\\\/index.php\\\/les-cousardes-couturieres-et-tapissieres-dameublement-artisans-dart-en-provence-verte\\\/#breadcrumb\"},\"inLanguage\":\"fr-FR\",\"potentialAction\":[{\"@type\":\"ReadAction\",\"target\":[\"https:\\\/\\\/www.minedartenprovence.fr\\\/index.php\\\/les-cousardes-couturieres-et-tapissieres-dameublement-artisans-dart-en-provence-verte\\\/\"]}]},{\"@type\":\"ImageObject\",\"inLanguage\":\"fr-FR\",\"@id\":\"https:\\\/\\\/www.minedartenprovence.fr\\\/index.php\\\/les-cousardes-couturieres-et-tapissieres-dameublement-artisans-dart-en-provence-verte\\\/#primaryimage\",\"url\":\"https:\\\/\\\/www.minedartenprovence.fr\\\/wp-content\\\/uploads\\\/2024\\\/08\\\/Instal-2.jpg\",\"contentUrl\":\"https:\\\/\\\/www.minedartenprovence.fr\\\/wp-content\\\/uploads\\\/2024\\\/08\\\/Instal-2.jpg\",\"width\":2313,\"height\":2313,\"caption\":\"Les Cousardes Couturi\u00e8res et tapissi\u00e8res d'ameublement artisans d'art en provence verte\"},{\"@type\":\"BreadcrumbList\",\"@id\":\"https:\\\/\\\/www.minedartenprovence.fr\\\/index.php\\\/les-cousardes-couturieres-et-tapissieres-dameublement-artisans-dart-en-provence-verte\\\/#breadcrumb\",\"itemListElement\":[{\"@type\":\"ListItem\",\"position\":1,\"name\":\"Accueil\",\"item\":\"https:\\\/\\\/www.minedartenprovence.fr\\\/\"},{\"@type\":\"ListItem\",\"position\":2,\"name\":\"Les Cousardes &#8211; Couturi\u00e8res et tapissi\u00e8res d&rsquo;ameublement\"}]},{\"@type\":\"WebSite\",\"@id\":\"https:\\\/\\\/www.minedartenprovence.fr\\\/#website\",\"url\":\"https:\\\/\\\/www.minedartenprovence.fr\\\/\",\"name\":\"Mine d&#039;Art en Provence\",\"description\":\"Association des professionnels des m\u00e9tiers d&#039;Art en Provence Verte\",\"publisher\":{\"@id\":\"https:\\\/\\\/www.minedartenprovence.fr\\\/#organization\"},\"potentialAction\":[{\"@type\":\"SearchAction\",\"target\":{\"@type\":\"EntryPoint\",\"urlTemplate\":\"https:\\\/\\\/www.minedartenprovence.fr\\\/?s={search_term_string}\"},\"query-input\":{\"@type\":\"PropertyValueSpecification\",\"valueRequired\":true,\"valueName\":\"search_term_string\"}}],\"inLanguage\":\"fr-FR\"},{\"@type\":\"Organization\",\"@id\":\"https:\\\/\\\/www.minedartenprovence.fr\\\/#organization\",\"name\":\"Mine d'Art en Provence\",\"url\":\"https:\\\/\\\/www.minedartenprovence.fr\\\/\",\"logo\":{\"@type\":\"ImageObject\",\"inLanguage\":\"fr-FR\",\"@id\":\"https:\\\/\\\/www.minedartenprovence.fr\\\/#\\\/schema\\\/logo\\\/image\\\/\",\"url\":\"https:\\\/\\\/www.minedartenprovence.fr\\\/wp-content\\\/uploads\\\/2023\\\/04\\\/logo-minedartenprovence-1.png\",\"contentUrl\":\"https:\\\/\\\/www.minedartenprovence.fr\\\/wp-content\\\/uploads\\\/2023\\\/04\\\/logo-minedartenprovence-1.png\",\"width\":500,\"height\":500,\"caption\":\"Mine d'Art en Provence\"},\"image\":{\"@id\":\"https:\\\/\\\/www.minedartenprovence.fr\\\/#\\\/schema\\\/logo\\\/image\\\/\"},\"sameAs\":[\"https:\\\/\\\/www.facebook.com\\\/profile.php?id=100091328405319\",\"https:\\\/\\\/www.instagram.com\\\/minedartenprovence\\\/\"]}]}<\/script>\n<!-- \/ Yoast SEO plugin. -->","yoast_head_json":{"title":"Les Cousardes Couturi\u00e8res et tapissi\u00e8res d'ameublement Le Val 83","description":"Les Cousardes - Couturi\u00e8res et tapissi\u00e8res d'ameublement : m\u00e9tiers d'Art dans l'association Mine d'Art en Provence Verte.","robots":{"index":"index","follow":"follow","max-snippet":"max-snippet:-1","max-image-preview":"max-image-preview:large","max-video-preview":"max-video-preview:-1"},"canonical":"https:\/\/www.minedartenprovence.fr\/index.php\/les-cousardes-couturieres-et-tapissieres-dameublement-artisans-dart-en-provence-verte\/","og_locale":"fr_FR","og_type":"article","og_title":"Les Cousardes Couturi\u00e8res et tapissi\u00e8res d'ameublement Le Val 83","og_description":"Les Cousardes - Couturi\u00e8res et tapissi\u00e8res d'ameublement : m\u00e9tiers d'Art dans l'association Mine d'Art en Provence Verte.","og_url":"https:\/\/www.minedartenprovence.fr\/index.php\/les-cousardes-couturieres-et-tapissieres-dameublement-artisans-dart-en-provence-verte\/","og_site_name":"Mine d&#039;Art en Provence","article_publisher":"https:\/\/www.facebook.com\/profile.php?id=100091328405319","article_modified_time":"2025-07-03T11:44:25+00:00","og_image":[{"width":2313,"height":2313,"url":"https:\/\/www.minedartenprovence.fr\/wp-content\/uploads\/2024\/08\/Instal-2.jpg","type":"image\/jpeg"}],"twitter_card":"summary_large_image","twitter_misc":{"Dur\u00e9e de lecture estim\u00e9e":"4 minutes"},"schema":{"@context":"https:\/\/schema.org","@graph":[{"@type":"WebPage","@id":"https:\/\/www.minedartenprovence.fr\/index.php\/les-cousardes-couturieres-et-tapissieres-dameublement-artisans-dart-en-provence-verte\/","url":"https:\/\/www.minedartenprovence.fr\/index.php\/les-cousardes-couturieres-et-tapissieres-dameublement-artisans-dart-en-provence-verte\/","name":"Les Cousardes Couturi\u00e8res et tapissi\u00e8res d'ameublement Le Val 83","isPartOf":{"@id":"https:\/\/www.minedartenprovence.fr\/#website"},"primaryImageOfPage":{"@id":"https:\/\/www.minedartenprovence.fr\/index.php\/les-cousardes-couturieres-et-tapissieres-dameublement-artisans-dart-en-provence-verte\/#primaryimage"},"image":{"@id":"https:\/\/www.minedartenprovence.fr\/index.php\/les-cousardes-couturieres-et-tapissieres-dameublement-artisans-dart-en-provence-verte\/#primaryimage"},"thumbnailUrl":"https:\/\/www.minedartenprovence.fr\/wp-content\/uploads\/2024\/08\/Instal-2.jpg","datePublished":"2024-08-27T15:45:49+00:00","dateModified":"2025-07-03T11:44:25+00:00","description":"Les Cousardes - Couturi\u00e8res et tapissi\u00e8res d'ameublement : m\u00e9tiers d'Art dans l'association Mine d'Art en Provence Verte.","breadcrumb":{"@id":"https:\/\/www.minedartenprovence.fr\/index.php\/les-cousardes-couturieres-et-tapissieres-dameublement-artisans-dart-en-provence-verte\/#breadcrumb"},"inLanguage":"fr-FR","potentialAction":[{"@type":"ReadAction","target":["https:\/\/www.minedartenprovence.fr\/index.php\/les-cousardes-couturieres-et-tapissieres-dameublement-artisans-dart-en-provence-verte\/"]}]},{"@type":"ImageObject","inLanguage":"fr-FR","@id":"https:\/\/www.minedartenprovence.fr\/index.php\/les-cousardes-couturieres-et-tapissieres-dameublement-artisans-dart-en-provence-verte\/#primaryimage","url":"https:\/\/www.minedartenprovence.fr\/wp-content\/uploads\/2024\/08\/Instal-2.jpg","contentUrl":"https:\/\/www.minedartenprovence.fr\/wp-content\/uploads\/2024\/08\/Instal-2.jpg","width":2313,"height":2313,"caption":"Les Cousardes Couturi\u00e8res et tapissi\u00e8res d'ameublement artisans d'art en provence verte"},{"@type":"BreadcrumbList","@id":"https:\/\/www.minedartenprovence.fr\/index.php\/les-cousardes-couturieres-et-tapissieres-dameublement-artisans-dart-en-provence-verte\/#breadcrumb","itemListElement":[{"@type":"ListItem","position":1,"name":"Accueil","item":"https:\/\/www.minedartenprovence.fr\/"},{"@type":"ListItem","position":2,"name":"Les Cousardes &#8211; Couturi\u00e8res et tapissi\u00e8res d&rsquo;ameublement"}]},{"@type":"WebSite","@id":"https:\/\/www.minedartenprovence.fr\/#website","url":"https:\/\/www.minedartenprovence.fr\/","name":"Mine d&#039;Art en Provence","description":"Association des professionnels des m\u00e9tiers d&#039;Art en Provence Verte","publisher":{"@id":"https:\/\/www.minedartenprovence.fr\/#organization"},"potentialAction":[{"@type":"SearchAction","target":{"@type":"EntryPoint","urlTemplate":"https:\/\/www.minedartenprovence.fr\/?s={search_term_string}"},"query-input":{"@type":"PropertyValueSpecification","valueRequired":true,"valueName":"search_term_string"}}],"inLanguage":"fr-FR"},{"@type":"Organization","@id":"https:\/\/www.minedartenprovence.fr\/#organization","name":"Mine d'Art en Provence","url":"https:\/\/www.minedartenprovence.fr\/","logo":{"@type":"ImageObject","inLanguage":"fr-FR","@id":"https:\/\/www.minedartenprovence.fr\/#\/schema\/logo\/image\/","url":"https:\/\/www.minedartenprovence.fr\/wp-content\/uploads\/2023\/04\/logo-minedartenprovence-1.png","contentUrl":"https:\/\/www.minedartenprovence.fr\/wp-content\/uploads\/2023\/04\/logo-minedartenprovence-1.png","width":500,"height":500,"caption":"Mine d'Art en Provence"},"image":{"@id":"https:\/\/www.minedartenprovence.fr\/#\/schema\/logo\/image\/"},"sameAs":["https:\/\/www.facebook.com\/profile.php?id=100091328405319","https:\/\/www.instagram.com\/minedartenprovence\/"]}]}},"_links":{"self":[{"href":"https:\/\/www.minedartenprovence.fr\/index.php\/wp-json\/wp\/v2\/pages\/5465","targetHints":{"allow":["GET"]}}],"collection":[{"href":"https:\/\/www.minedartenprovence.fr\/index.php\/wp-json\/wp\/v2\/pages"}],"about":[{"href":"https:\/\/www.minedartenprovence.fr\/index.php\/wp-json\/wp\/v2\/types\/page"}],"author":[{"embeddable":true,"href":"https:\/\/www.minedartenprovence.fr\/index.php\/wp-json\/wp\/v2\/users\/6"}],"replies":[{"embeddable":true,"href":"https:\/\/www.minedartenprovence.fr\/index.php\/wp-json\/wp\/v2\/comments?post=5465"}],"version-history":[{"count":112,"href":"https:\/\/www.minedartenprovence.fr\/index.php\/wp-json\/wp\/v2\/pages\/5465\/revisions"}],"predecessor-version":[{"id":8122,"href":"https:\/\/www.minedartenprovence.fr\/index.php\/wp-json\/wp\/v2\/pages\/5465\/revisions\/8122"}],"wp:featuredmedia":[{"embeddable":true,"href":"https:\/\/www.minedartenprovence.fr\/index.php\/wp-json\/wp\/v2\/media\/5473"}],"wp:attachment":[{"href":"https:\/\/www.minedartenprovence.fr\/index.php\/wp-json\/wp\/v2\/media?parent=5465"}],"curies":[{"name":"wp","href":"https:\/\/api.w.org\/{rel}","templated":true}]}}