{"id":4784,"date":"2024-07-21T19:43:11","date_gmt":"2024-07-21T17:43:11","guid":{"rendered":"https:\/\/www.minedartenprovence.fr\/?page_id=4784"},"modified":"2025-02-21T16:33:38","modified_gmt":"2025-02-21T15:33:38","slug":"fileuse-de-verre-de-murano-a-la-flamme-en-provence-verte","status":"publish","type":"page","link":"https:\/\/www.minedartenprovence.fr\/index.php\/fileuse-de-verre-de-murano-a-la-flamme-en-provence-verte\/","title":{"rendered":"BleuVerre Fileuse de verre \u00e0 la flamme en Provence Verte"},"content":{"rendered":"\t\t<div data-elementor-type=\"wp-page\" data-elementor-id=\"4784\" class=\"elementor elementor-4784\">\n\t\t\t\t\t\t<section class=\"elementor-section elementor-top-section elementor-element elementor-element-0a77a16 elementor-section-boxed elementor-section-height-default elementor-section-height-default\" data-id=\"0a77a16\" data-element_type=\"section\" data-e-type=\"section\">\n\t\t\t\t\t\t<div class=\"elementor-container elementor-column-gap-default\">\n\t\t\t\t\t<div class=\"elementor-column elementor-col-100 elementor-top-column elementor-element elementor-element-cc0308f\" data-id=\"cc0308f\" data-element_type=\"column\" data-e-type=\"column\">\n\t\t\t<div class=\"elementor-widget-wrap elementor-element-populated\">\n\t\t\t\t\t\t<div class=\"elementor-element elementor-element-b8e34bf elementor-widget elementor-widget-heading\" data-id=\"b8e34bf\" data-element_type=\"widget\" data-e-type=\"widget\" data-widget_type=\"heading.default\">\n\t\t\t\t<div class=\"elementor-widget-container\">\n\t\t\t\t\t<h1 class=\"elementor-heading-title elementor-size-default\"><b>H\u00e9l\u00e8ne ROY<\/b> | <b>BleuVerre<\/b><br>\nFileuse de verre &amp; Perli\u00e8re d'Art<\/h1>\t\t\t\t<\/div>\n\t\t\t\t<\/div>\n\t\t\t\t\t<\/div>\n\t\t<\/div>\n\t\t\t\t\t<\/div>\n\t\t<\/section>\n\t\t\t\t<section class=\"elementor-section elementor-top-section elementor-element elementor-element-9e58bae elementor-section-boxed elementor-section-height-default elementor-section-height-default\" data-id=\"9e58bae\" data-element_type=\"section\" data-e-type=\"section\">\n\t\t\t\t\t\t<div class=\"elementor-container elementor-column-gap-default\">\n\t\t\t\t\t<div class=\"elementor-column elementor-col-33 elementor-top-column elementor-element elementor-element-84e2e30\" data-id=\"84e2e30\" data-element_type=\"column\" data-e-type=\"column\">\n\t\t\t<div class=\"elementor-widget-wrap elementor-element-populated\">\n\t\t\t\t\t\t<div class=\"elementor-element elementor-element-00a68a2 elementor-widget__width-initial elementor-widget elementor-widget-image\" data-id=\"00a68a2\" data-element_type=\"widget\" data-e-type=\"widget\" data-widget_type=\"image.default\">\n\t\t\t\t<div class=\"elementor-widget-container\">\n\t\t\t\t\t\t\t\t\t\t\t\t\t\t\t<img fetchpriority=\"high\" decoding=\"async\" width=\"480\" height=\"150\" src=\"https:\/\/www.minedartenprovence.fr\/wp-content\/uploads\/2023\/04\/Logo.webp\" class=\"attachment-large size-large wp-image-293\" alt=\"Fileuse de verre de Murano artisane association Mine d&#039;art en Provence\" srcset=\"https:\/\/www.minedartenprovence.fr\/wp-content\/uploads\/2023\/04\/Logo.webp 480w, https:\/\/www.minedartenprovence.fr\/wp-content\/uploads\/2023\/04\/Logo-300x94.webp 300w\" sizes=\"(max-width: 480px) 100vw, 480px\" \/>\t\t\t\t\t\t\t\t\t\t\t\t\t\t\t<\/div>\n\t\t\t\t<\/div>\n\t\t\t\t<div class=\"elementor-element elementor-element-b516911 elementor-widget__width-initial elementor-widget elementor-widget-image\" data-id=\"b516911\" data-element_type=\"widget\" data-e-type=\"widget\" data-widget_type=\"image.default\">\n\t\t\t\t<div class=\"elementor-widget-container\">\n\t\t\t\t\t\t\t\t\t\t\t\t\t\t\t<img decoding=\"async\" src=\"https:\/\/www.minedartenprovence.fr\/wp-content\/uploads\/elementor\/thumbs\/portrait-qr3bger8nnh59r3jqnelsut9979ldoxmqnwlvgyscg.jpg\" title=\"portrait H\u00e9l\u00e8ne ROY\" alt=\"H\u00e9l\u00e8ne ROY Fileuse de verre \u00e0 la flamme, perli\u00e8re d&#039;art\" loading=\"lazy\" \/>\t\t\t\t\t\t\t\t\t\t\t\t\t\t\t<\/div>\n\t\t\t\t<\/div>\n\t\t\t\t\t<\/div>\n\t\t<\/div>\n\t\t\t\t<div class=\"elementor-column elementor-col-33 elementor-top-column elementor-element elementor-element-72bd19a\" data-id=\"72bd19a\" data-element_type=\"column\" data-e-type=\"column\">\n\t\t\t<div class=\"elementor-widget-wrap\">\n\t\t\t\t\t\t\t<\/div>\n\t\t<\/div>\n\t\t\t\t<div class=\"elementor-column elementor-col-33 elementor-top-column elementor-element elementor-element-7cc08fd\" data-id=\"7cc08fd\" data-element_type=\"column\" data-e-type=\"column\">\n\t\t\t<div class=\"elementor-widget-wrap elementor-element-populated\">\n\t\t\t\t\t\t<div class=\"elementor-element elementor-element-526a229 elementor-widget__width-initial elementor-widget elementor-widget-text-editor\" data-id=\"526a229\" data-element_type=\"widget\" data-e-type=\"widget\" data-widget_type=\"text-editor.default\">\n\t\t\t\t<div class=\"elementor-widget-container\">\n\t\t\t\t\t\t\t\t\t<p><em>\u00ab\u00a0Mes cr\u00e9ations color\u00e9es refl\u00e8tent la magie de la rencontre du verre et du feu\u00a0\u00bb<\/em><\/p>\t\t\t\t\t\t\t\t<\/div>\n\t\t\t\t<\/div>\n\t\t\t\t<div class=\"elementor-element elementor-element-e3da7b9 elementor-widget__width-initial elementor-widget elementor-widget-text-editor\" data-id=\"e3da7b9\" data-element_type=\"widget\" data-e-type=\"widget\" data-widget_type=\"text-editor.default\">\n\t\t\t\t<div class=\"elementor-widget-container\">\n\t\t\t\t\t\t\t\t\t<p><br \/><b>Le verre en fusion est hypnotisant, la magie se manifeste. La mati\u00e8re prend forme et la couleur vibre dans tout son \u00e9clat. La cr\u00e9ativit\u00e9 s\u2019anime et se r\u00e9v\u00e8le dans la flamme.<br \/>A chaque fois, ses yeux scintillent, et elle s\u2019\u00e9merveille lorsque le verre rougeoie, devient mall\u00e9able, visqueux dans la flamme. Le chalumeau (le feu) est sa baguette magique qui transforme le verre en \u00e9l\u00e9ment vivant.<\/b><\/p>\t\t\t\t\t\t\t\t<\/div>\n\t\t\t\t<\/div>\n\t\t\t\t<div class=\"elementor-element elementor-element-34012e4 elementor-widget__width-initial elementor-widget elementor-widget-text-editor\" data-id=\"34012e4\" data-element_type=\"widget\" data-e-type=\"widget\" data-widget_type=\"text-editor.default\">\n\t\t\t\t<div class=\"elementor-widget-container\">\n\t\t\t\t\t\t\t\t\t<p><b>Collection de Bijoux d&rsquo;Art BleuVerre en Verre de Murano. Bijou couleurs et vibrations. Pi\u00e8ce unique<\/b><br \/>Le verre de Murano est sublim\u00e9 : je fa\u00e7onne le verre \u00e0 la flamme. La magie op\u00e8re et la couleur vibre, chante.<br \/>Un bijou rayonnant qui apporte une note color\u00e9e \u00e0 votre tenue.<br \/>Une perle de verre unique, fa\u00e7onn\u00e9e \u00e0 la main. Une perle de verre fil\u00e9 \u00e0 la flamme, aux couleurs de vos envies.<\/p><p><b>Collection d&rsquo;objets d\u00e9coratifs BleuVerre de Murano. D\u00e9coration florale. Pi\u00e8ce unique<br \/><\/b><br \/>Objets d\u00e9coratifs plut\u00f4t floraux, originaux, comme des bijoux d\u00e9coratifs de table en verre de Murano sur tiges en fer recuit.<\/p><p>2 mati\u00e8res sublim\u00e9es : le Verre de Murano et le Fer recuit combin\u00e9s.\u00a0Une composition unique, a\u00e9rienne, d\u00e9licate qui sublimera aussi votre int\u00e9rieur.<\/p>\t\t\t\t\t\t\t\t<\/div>\n\t\t\t\t<\/div>\n\t\t\t\t\t<\/div>\n\t\t<\/div>\n\t\t\t\t\t<\/div>\n\t\t<\/section>\n\t\t\t\t<section class=\"elementor-section elementor-top-section elementor-element elementor-element-d1cb6e7 elementor-section-boxed elementor-section-height-default elementor-section-height-default\" data-id=\"d1cb6e7\" data-element_type=\"section\" data-e-type=\"section\">\n\t\t\t\t\t\t<div class=\"elementor-container elementor-column-gap-default\">\n\t\t\t\t\t<div class=\"elementor-column elementor-col-33 elementor-top-column elementor-element elementor-element-3aa1b79\" data-id=\"3aa1b79\" data-element_type=\"column\" data-e-type=\"column\">\n\t\t\t<div class=\"elementor-widget-wrap elementor-element-populated\">\n\t\t\t\t\t\t<div class=\"elementor-element elementor-element-962a13e elementor-widget__width-initial elementor-widget elementor-widget-image\" data-id=\"962a13e\" data-element_type=\"widget\" data-e-type=\"widget\" data-widget_type=\"image.default\">\n\t\t\t\t<div class=\"elementor-widget-container\">\n\t\t\t\t\t\t\t\t\t\t\t\t\t\t\t<img decoding=\"async\" width=\"300\" height=\"300\" src=\"https:\/\/www.minedartenprovence.fr\/wp-content\/uploads\/2024\/07\/bague-fleur-bleue-D-300x300.jpg\" class=\"attachment-medium size-medium wp-image-4741\" alt=\"Fileuse de verre de Murano artisane association Mine d&#039;art en Provence\" srcset=\"https:\/\/www.minedartenprovence.fr\/wp-content\/uploads\/2024\/07\/bague-fleur-bleue-D-300x300.jpg 300w, https:\/\/www.minedartenprovence.fr\/wp-content\/uploads\/2024\/07\/bague-fleur-bleue-D-150x150.jpg 150w, https:\/\/www.minedartenprovence.fr\/wp-content\/uploads\/2024\/07\/elementor\/thumbs\/bague-fleur-bleue-D-qr3bggn02ygn6xiuzveft1a1kpffm3nw95sqiaa8n8.jpg 250w, https:\/\/www.minedartenprovence.fr\/wp-content\/uploads\/2024\/07\/bague-fleur-bleue-D.jpg 567w\" sizes=\"(max-width: 300px) 100vw, 300px\" \/>\t\t\t\t\t\t\t\t\t\t\t\t\t\t\t<\/div>\n\t\t\t\t<\/div>\n\t\t\t\t\t<\/div>\n\t\t<\/div>\n\t\t\t\t<div class=\"elementor-column elementor-col-33 elementor-top-column elementor-element elementor-element-f63f7a1\" data-id=\"f63f7a1\" data-element_type=\"column\" data-e-type=\"column\">\n\t\t\t<div class=\"elementor-widget-wrap elementor-element-populated\">\n\t\t\t\t\t\t<div class=\"elementor-element elementor-element-f8665b8 elementor-widget__width-initial elementor-widget elementor-widget-image\" data-id=\"f8665b8\" data-element_type=\"widget\" data-e-type=\"widget\" data-widget_type=\"image.default\">\n\t\t\t\t<div class=\"elementor-widget-container\">\n\t\t\t\t\t\t\t\t\t\t\t\t\t\t\t<img decoding=\"async\" width=\"300\" height=\"300\" src=\"https:\/\/www.minedartenprovence.fr\/wp-content\/uploads\/2024\/07\/collier-art-bleu-D-300x300.jpg\" class=\"attachment-medium size-medium wp-image-4743\" alt=\"Fileuse de verre de Murano artisane association Mine d&#039;art en Provence\" srcset=\"https:\/\/www.minedartenprovence.fr\/wp-content\/uploads\/2024\/07\/collier-art-bleu-D-300x300.jpg 300w, https:\/\/www.minedartenprovence.fr\/wp-content\/uploads\/2024\/07\/collier-art-bleu-D-150x150.jpg 150w, https:\/\/www.minedartenprovence.fr\/wp-content\/uploads\/2024\/07\/collier-art-bleu-D-768x768.jpg 768w, https:\/\/www.minedartenprovence.fr\/wp-content\/uploads\/2024\/07\/collier-art-bleu-D-600x600.jpg 600w, https:\/\/www.minedartenprovence.fr\/wp-content\/uploads\/2024\/07\/elementor\/thumbs\/collier-art-bleu-D-qr3bgkecualshddedx0y30bvy8wwgw2tloeofe4nyc.jpg 250w, https:\/\/www.minedartenprovence.fr\/wp-content\/uploads\/2024\/07\/collier-art-bleu-D.jpg 850w\" sizes=\"(max-width: 300px) 100vw, 300px\" \/>\t\t\t\t\t\t\t\t\t\t\t\t\t\t\t<\/div>\n\t\t\t\t<\/div>\n\t\t\t\t\t<\/div>\n\t\t<\/div>\n\t\t\t\t<div class=\"elementor-column elementor-col-33 elementor-top-column elementor-element elementor-element-4d87536\" data-id=\"4d87536\" data-element_type=\"column\" data-e-type=\"column\">\n\t\t\t<div class=\"elementor-widget-wrap elementor-element-populated\">\n\t\t\t\t\t\t<div class=\"elementor-element elementor-element-5509b61 elementor-widget__width-initial elementor-widget elementor-widget-image\" data-id=\"5509b61\" data-element_type=\"widget\" data-e-type=\"widget\" data-widget_type=\"image.default\">\n\t\t\t\t<div class=\"elementor-widget-container\">\n\t\t\t\t\t\t\t\t\t\t\t\t\t\t\t<img loading=\"lazy\" decoding=\"async\" width=\"300\" height=\"300\" src=\"https:\/\/www.minedartenprovence.fr\/wp-content\/uploads\/2024\/07\/bouquet-bleu-G-300x300.jpg\" class=\"attachment-medium size-medium wp-image-4742\" alt=\"Fileuse de verre de Murano artisane association Mine d&#039;art en Provence\" srcset=\"https:\/\/www.minedartenprovence.fr\/wp-content\/uploads\/2024\/07\/bouquet-bleu-G-300x300.jpg 300w, https:\/\/www.minedartenprovence.fr\/wp-content\/uploads\/2024\/07\/bouquet-bleu-G-150x150.jpg 150w, https:\/\/www.minedartenprovence.fr\/wp-content\/uploads\/2024\/07\/elementor\/thumbs\/bouquet-bleu-G-qr3bghku9shxijhhudt2dj1i63astsrmlag7zk8uh0.jpg 250w, https:\/\/www.minedartenprovence.fr\/wp-content\/uploads\/2024\/07\/bouquet-bleu-G.jpg 567w\" sizes=\"(max-width: 300px) 100vw, 300px\" \/>\t\t\t\t\t\t\t\t\t\t\t\t\t\t\t<\/div>\n\t\t\t\t<\/div>\n\t\t\t\t\t<\/div>\n\t\t<\/div>\n\t\t\t\t\t<\/div>\n\t\t<\/section>\n\t\t\t\t<section class=\"elementor-section elementor-top-section elementor-element elementor-element-7d8a1ba elementor-section-boxed elementor-section-height-default elementor-section-height-default\" data-id=\"7d8a1ba\" data-element_type=\"section\" data-e-type=\"section\">\n\t\t\t\t\t\t<div class=\"elementor-container elementor-column-gap-default\">\n\t\t\t\t\t<div class=\"elementor-column elementor-col-33 elementor-top-column elementor-element elementor-element-83f749c\" data-id=\"83f749c\" data-element_type=\"column\" data-e-type=\"column\" data-settings=\"{&quot;background_background&quot;:&quot;classic&quot;}\">\n\t\t\t<div class=\"elementor-widget-wrap elementor-element-populated\">\n\t\t\t\t\t\t<div class=\"elementor-element elementor-element-56f331d elementor-widget__width-initial elementor-widget elementor-widget-text-editor\" data-id=\"56f331d\" data-element_type=\"widget\" data-e-type=\"widget\" data-widget_type=\"text-editor.default\">\n\t\t\t\t<div class=\"elementor-widget-container\">\n\t\t\t\t\t\t\t\t\t<p>2020<\/p>\t\t\t\t\t\t\t\t<\/div>\n\t\t\t\t<\/div>\n\t\t\t\t\t<\/div>\n\t\t<\/div>\n\t\t\t\t<div class=\"elementor-column elementor-col-66 elementor-top-column elementor-element elementor-element-1151dc9\" data-id=\"1151dc9\" data-element_type=\"column\" data-e-type=\"column\">\n\t\t\t<div class=\"elementor-widget-wrap elementor-element-populated\">\n\t\t\t\t\t\t<div class=\"elementor-element elementor-element-db928dc elementor-widget elementor-widget-text-editor\" data-id=\"db928dc\" data-element_type=\"widget\" data-e-type=\"widget\" data-widget_type=\"text-editor.default\">\n\t\t\t\t<div class=\"elementor-widget-container\">\n\t\t\t\t\t\t\t\t\t<b>\u201cL\u2019Art de la perle de verre\u201d est Inscrite par l\u2019UNESCO sur la liste repr\u00e9sentative du Patrimoine Culturel Immat\u00e9riel de l\u2019Humanit\u00e9. Cette reconnaissance mondiale souligne l\u2019importance de ce patrimoine, l\u2019importance de le p\u00e9renniser, de le partager et de le transmettre.<\/b>\t\t\t\t\t\t\t\t<\/div>\n\t\t\t\t<\/div>\n\t\t\t\t\t<\/div>\n\t\t<\/div>\n\t\t\t\t\t<\/div>\n\t\t<\/section>\n\t\t\t\t<section class=\"elementor-section elementor-top-section elementor-element elementor-element-673a6ba elementor-section-boxed elementor-section-height-default elementor-section-height-default\" data-id=\"673a6ba\" data-element_type=\"section\" data-e-type=\"section\">\n\t\t\t\t\t\t<div class=\"elementor-container elementor-column-gap-default\">\n\t\t\t\t\t<div class=\"elementor-column elementor-col-33 elementor-top-column elementor-element elementor-element-d4ff81e\" data-id=\"d4ff81e\" data-element_type=\"column\" data-e-type=\"column\">\n\t\t\t<div class=\"elementor-widget-wrap elementor-element-populated\">\n\t\t\t\t\t\t<div class=\"elementor-element elementor-element-4c36e34 elementor-widget elementor-widget-image\" data-id=\"4c36e34\" data-element_type=\"widget\" data-e-type=\"widget\" data-widget_type=\"image.default\">\n\t\t\t\t<div class=\"elementor-widget-container\">\n\t\t\t\t\t\t\t\t\t\t\t\t\t\t\t<img decoding=\"async\" src=\"https:\/\/www.minedartenprovence.fr\/wp-content\/uploads\/elementor\/thumbs\/centre-qr3bwd2pp27k0pr085hntn18v1zpqetg70858ljrky.jpg\" title=\"H\u00e9l\u00e8ne ROY &#8211; fileuse de verre et perli\u00e8re d&rsquo;art \u00e0 la flamme \u00e0 Pourri\u00e8res en Provence Verte\" alt=\"H\u00e9l\u00e8ne ROY - fileuse de verre et perli\u00e8re d&#039;art \u00e0 la flamme \u00e0 Pourri\u00e8res en Provence Verte\" loading=\"lazy\" \/>\t\t\t\t\t\t\t\t\t\t\t\t\t\t\t<\/div>\n\t\t\t\t<\/div>\n\t\t\t\t\t<\/div>\n\t\t<\/div>\n\t\t\t\t<div class=\"elementor-column elementor-col-33 elementor-top-column elementor-element elementor-element-c6d9c07\" data-id=\"c6d9c07\" data-element_type=\"column\" data-e-type=\"column\">\n\t\t\t<div class=\"elementor-widget-wrap elementor-element-populated\">\n\t\t\t\t\t\t<div class=\"elementor-element elementor-element-68c7bb4 elementor-widget elementor-widget-text-editor\" data-id=\"68c7bb4\" data-element_type=\"widget\" data-e-type=\"widget\" data-widget_type=\"text-editor.default\">\n\t\t\t\t<div class=\"elementor-widget-container\">\n\t\t\t\t\t\t\t\t\t<h1>Contact<\/h1>\t\t\t\t\t\t\t\t<\/div>\n\t\t\t\t<\/div>\n\t\t\t\t\t<\/div>\n\t\t<\/div>\n\t\t\t\t<div class=\"elementor-column elementor-col-33 elementor-top-column elementor-element elementor-element-5eff517\" data-id=\"5eff517\" data-element_type=\"column\" data-e-type=\"column\">\n\t\t\t<div class=\"elementor-widget-wrap elementor-element-populated\">\n\t\t\t\t\t\t<div class=\"elementor-element elementor-element-1404bdb elementor-widget__width-initial elementor-widget elementor-widget-text-editor\" data-id=\"1404bdb\" data-element_type=\"widget\" data-e-type=\"widget\" data-widget_type=\"text-editor.default\">\n\t\t\t\t<div class=\"elementor-widget-container\">\n\t\t\t\t\t\t\t\t\t<p><a href=\"https:\/\/www.bleuverre.fr\">https:\/\/www.bleuverre.fr<\/a><br \/><a href=\"mailto:hel@bleuverre.fr\">hel@bleuverre.fr<\/a><br \/>06 09 24 91 98<br \/><b>83 &#8211; POURRIERES<\/b><\/p>\t\t\t\t\t\t\t\t<\/div>\n\t\t\t\t<\/div>\n\t\t\t\t\t<\/div>\n\t\t<\/div>\n\t\t\t\t\t<\/div>\n\t\t<\/section>\n\t\t\t\t<section class=\"elementor-section elementor-top-section elementor-element elementor-element-e153e85 elementor-section-boxed elementor-section-height-default elementor-section-height-default\" data-id=\"e153e85\" data-element_type=\"section\" data-e-type=\"section\">\n\t\t\t\t\t\t<div class=\"elementor-container elementor-column-gap-default\">\n\t\t\t\t\t<div class=\"elementor-column elementor-col-100 elementor-top-column elementor-element elementor-element-6e3b6f9\" data-id=\"6e3b6f9\" data-element_type=\"column\" data-e-type=\"column\">\n\t\t\t<div class=\"elementor-widget-wrap\">\n\t\t\t\t\t\t\t<\/div>\n\t\t<\/div>\n\t\t\t\t\t<\/div>\n\t\t<\/section>\n\t\t\t\t<\/div>\n\t\t","protected":false},"excerpt":{"rendered":"<p>H\u00e9l\u00e8ne ROY | BleuVerre Fileuse de verre &amp; Perli\u00e8re d&rsquo;Art \u00ab\u00a0Mes cr\u00e9ations color\u00e9es refl\u00e8tent la magie de la rencontre du verre et du feu\u00a0\u00bb Le verre en fusion est hypnotisant, la magie se manifeste. La mati\u00e8re prend forme et la couleur vibre dans tout son \u00e9clat. La cr\u00e9ativit\u00e9 s\u2019anime et se r\u00e9v\u00e8le dans la flamme. [&hellip;]<\/p>\n","protected":false},"author":6,"featured_media":4744,"parent":0,"menu_order":0,"comment_status":"closed","ping_status":"closed","template":"elementor_header_footer","meta":{"ocean_post_layout":"","ocean_both_sidebars_style":"","ocean_both_sidebars_content_width":0,"ocean_both_sidebars_sidebars_width":0,"ocean_sidebar":"0","ocean_second_sidebar":"0","ocean_disable_margins":"enable","ocean_add_body_class":"","ocean_shortcode_before_top_bar":"","ocean_shortcode_after_top_bar":"","ocean_shortcode_before_header":"","ocean_shortcode_after_header":"","ocean_has_shortcode":"","ocean_shortcode_after_title":"","ocean_shortcode_before_footer_widgets":"","ocean_shortcode_after_footer_widgets":"","ocean_shortcode_before_footer_bottom":"","ocean_shortcode_after_footer_bottom":"","ocean_display_top_bar":"default","ocean_display_header":"default","ocean_header_style":"","ocean_center_header_left_menu":"0","ocean_custom_header_template":"0","ocean_custom_logo":0,"ocean_custom_retina_logo":0,"ocean_custom_logo_max_width":0,"ocean_custom_logo_tablet_max_width":0,"ocean_custom_logo_mobile_max_width":0,"ocean_custom_logo_max_height":0,"ocean_custom_logo_tablet_max_height":0,"ocean_custom_logo_mobile_max_height":0,"ocean_header_custom_menu":"0","ocean_menu_typo_font_family":"0","ocean_menu_typo_font_subset":"","ocean_menu_typo_font_size":0,"ocean_menu_typo_font_size_tablet":0,"ocean_menu_typo_font_size_mobile":0,"ocean_menu_typo_font_size_unit":"px","ocean_menu_typo_font_weight":"","ocean_menu_typo_font_weight_tablet":"","ocean_menu_typo_font_weight_mobile":"","ocean_menu_typo_transform":"","ocean_menu_typo_transform_tablet":"","ocean_menu_typo_transform_mobile":"","ocean_menu_typo_line_height":0,"ocean_menu_typo_line_height_tablet":0,"ocean_menu_typo_line_height_mobile":0,"ocean_menu_typo_line_height_unit":"","ocean_menu_typo_spacing":0,"ocean_menu_typo_spacing_tablet":0,"ocean_menu_typo_spacing_mobile":0,"ocean_menu_typo_spacing_unit":"","ocean_menu_link_color":"","ocean_menu_link_color_hover":"","ocean_menu_link_color_active":"","ocean_menu_link_background":"","ocean_menu_link_hover_background":"","ocean_menu_link_active_background":"","ocean_menu_social_links_bg":"","ocean_menu_social_hover_links_bg":"","ocean_menu_social_links_color":"","ocean_menu_social_hover_links_color":"","ocean_disable_title":"default","ocean_disable_heading":"default","ocean_post_title":"","ocean_post_subheading":"","ocean_post_title_style":"","ocean_post_title_background_color":"","ocean_post_title_background":0,"ocean_post_title_bg_image_position":"","ocean_post_title_bg_image_attachment":"","ocean_post_title_bg_image_repeat":"","ocean_post_title_bg_image_size":"","ocean_post_title_height":0,"ocean_post_title_bg_overlay":0.5,"ocean_post_title_bg_overlay_color":"","ocean_disable_breadcrumbs":"default","ocean_breadcrumbs_color":"","ocean_breadcrumbs_separator_color":"","ocean_breadcrumbs_links_color":"","ocean_breadcrumbs_links_hover_color":"","ocean_display_footer_widgets":"default","ocean_display_footer_bottom":"default","ocean_custom_footer_template":"0","footnotes":""},"class_list":["post-4784","page","type-page","status-publish","has-post-thumbnail","hentry","entry","has-media"],"yoast_head":"<!-- This site is optimized with the Yoast SEO plugin v27.4 - https:\/\/yoast.com\/product\/yoast-seo-wordpress\/ -->\n<title>H\u00e9l\u00e8ne ROY Fileuse de verre et Perli\u00e8re d&#039;Art \u00e0 Pourri\u00e8res 83<\/title>\n<meta name=\"description\" content=\"BleuVerre, Fileuse de verre et perli\u00e8re d&#039;art. Artisane d&#039;art dans l&#039;association Mine d&#039;Art en Provence SUD PACA - 83 VAR\" \/>\n<meta name=\"robots\" content=\"index, follow, max-snippet:-1, max-image-preview:large, max-video-preview:-1\" \/>\n<link rel=\"canonical\" href=\"https:\/\/www.minedartenprovence.fr\/index.php\/fileuse-de-verre-de-murano-a-la-flamme-en-provence-verte\/\" \/>\n<meta property=\"og:locale\" content=\"fr_FR\" \/>\n<meta property=\"og:type\" content=\"article\" \/>\n<meta property=\"og:title\" content=\"H\u00e9l\u00e8ne ROY Fileuse de verre et Perli\u00e8re d&#039;Art \u00e0 Pourri\u00e8res 83\" \/>\n<meta property=\"og:description\" content=\"BleuVerre, Fileuse de verre et perli\u00e8re d&#039;art. Artisane d&#039;art dans l&#039;association Mine d&#039;Art en Provence SUD PACA - 83 VAR\" \/>\n<meta property=\"og:url\" content=\"https:\/\/www.minedartenprovence.fr\/index.php\/fileuse-de-verre-de-murano-a-la-flamme-en-provence-verte\/\" \/>\n<meta property=\"og:site_name\" content=\"Mine d&#039;Art en Provence\" \/>\n<meta property=\"article:publisher\" content=\"https:\/\/www.facebook.com\/profile.php?id=100091328405319\" \/>\n<meta property=\"article:modified_time\" content=\"2025-02-21T15:33:38+00:00\" \/>\n<meta property=\"og:image\" content=\"https:\/\/www.minedartenprovence.fr\/wp-content\/uploads\/2024\/07\/centre.jpg\" \/>\n\t<meta property=\"og:image:width\" content=\"1134\" \/>\n\t<meta property=\"og:image:height\" content=\"1134\" \/>\n\t<meta property=\"og:image:type\" content=\"image\/jpeg\" \/>\n<meta name=\"twitter:card\" content=\"summary_large_image\" \/>\n<meta name=\"twitter:label1\" content=\"Dur\u00e9e de lecture estim\u00e9e\" \/>\n\t<meta name=\"twitter:data1\" content=\"3 minutes\" \/>\n<script type=\"application\/ld+json\" class=\"yoast-schema-graph\">{\"@context\":\"https:\\\/\\\/schema.org\",\"@graph\":[{\"@type\":\"WebPage\",\"@id\":\"https:\\\/\\\/www.minedartenprovence.fr\\\/index.php\\\/fileuse-de-verre-de-murano-a-la-flamme-en-provence-verte\\\/\",\"url\":\"https:\\\/\\\/www.minedartenprovence.fr\\\/index.php\\\/fileuse-de-verre-de-murano-a-la-flamme-en-provence-verte\\\/\",\"name\":\"H\u00e9l\u00e8ne ROY Fileuse de verre et Perli\u00e8re d'Art \u00e0 Pourri\u00e8res 83\",\"isPartOf\":{\"@id\":\"https:\\\/\\\/www.minedartenprovence.fr\\\/#website\"},\"primaryImageOfPage\":{\"@id\":\"https:\\\/\\\/www.minedartenprovence.fr\\\/index.php\\\/fileuse-de-verre-de-murano-a-la-flamme-en-provence-verte\\\/#primaryimage\"},\"image\":{\"@id\":\"https:\\\/\\\/www.minedartenprovence.fr\\\/index.php\\\/fileuse-de-verre-de-murano-a-la-flamme-en-provence-verte\\\/#primaryimage\"},\"thumbnailUrl\":\"https:\\\/\\\/www.minedartenprovence.fr\\\/wp-content\\\/uploads\\\/2024\\\/07\\\/centre.jpg\",\"datePublished\":\"2024-07-21T17:43:11+00:00\",\"dateModified\":\"2025-02-21T15:33:38+00:00\",\"description\":\"BleuVerre, Fileuse de verre et perli\u00e8re d'art. Artisane d'art dans l'association Mine d'Art en Provence SUD PACA - 83 VAR\",\"breadcrumb\":{\"@id\":\"https:\\\/\\\/www.minedartenprovence.fr\\\/index.php\\\/fileuse-de-verre-de-murano-a-la-flamme-en-provence-verte\\\/#breadcrumb\"},\"inLanguage\":\"fr-FR\",\"potentialAction\":[{\"@type\":\"ReadAction\",\"target\":[\"https:\\\/\\\/www.minedartenprovence.fr\\\/index.php\\\/fileuse-de-verre-de-murano-a-la-flamme-en-provence-verte\\\/\"]}]},{\"@type\":\"ImageObject\",\"inLanguage\":\"fr-FR\",\"@id\":\"https:\\\/\\\/www.minedartenprovence.fr\\\/index.php\\\/fileuse-de-verre-de-murano-a-la-flamme-en-provence-verte\\\/#primaryimage\",\"url\":\"https:\\\/\\\/www.minedartenprovence.fr\\\/wp-content\\\/uploads\\\/2024\\\/07\\\/centre.jpg\",\"contentUrl\":\"https:\\\/\\\/www.minedartenprovence.fr\\\/wp-content\\\/uploads\\\/2024\\\/07\\\/centre.jpg\",\"width\":1134,\"height\":1134,\"caption\":\"H\u00e9l\u00e8ne ROY - fileuse de verre et perli\u00e8re d'art \u00e0 la flamme \u00e0 Pourri\u00e8res en Provence Verte\"},{\"@type\":\"BreadcrumbList\",\"@id\":\"https:\\\/\\\/www.minedartenprovence.fr\\\/index.php\\\/fileuse-de-verre-de-murano-a-la-flamme-en-provence-verte\\\/#breadcrumb\",\"itemListElement\":[{\"@type\":\"ListItem\",\"position\":1,\"name\":\"Accueil\",\"item\":\"https:\\\/\\\/www.minedartenprovence.fr\\\/\"},{\"@type\":\"ListItem\",\"position\":2,\"name\":\"BleuVerre Fileuse de verre \u00e0 la flamme en Provence Verte\"}]},{\"@type\":\"WebSite\",\"@id\":\"https:\\\/\\\/www.minedartenprovence.fr\\\/#website\",\"url\":\"https:\\\/\\\/www.minedartenprovence.fr\\\/\",\"name\":\"Mine d&#039;Art en Provence\",\"description\":\"Association des professionnels des m\u00e9tiers d&#039;Art en Provence Verte\",\"publisher\":{\"@id\":\"https:\\\/\\\/www.minedartenprovence.fr\\\/#organization\"},\"potentialAction\":[{\"@type\":\"SearchAction\",\"target\":{\"@type\":\"EntryPoint\",\"urlTemplate\":\"https:\\\/\\\/www.minedartenprovence.fr\\\/?s={search_term_string}\"},\"query-input\":{\"@type\":\"PropertyValueSpecification\",\"valueRequired\":true,\"valueName\":\"search_term_string\"}}],\"inLanguage\":\"fr-FR\"},{\"@type\":\"Organization\",\"@id\":\"https:\\\/\\\/www.minedartenprovence.fr\\\/#organization\",\"name\":\"Mine d'Art en Provence\",\"url\":\"https:\\\/\\\/www.minedartenprovence.fr\\\/\",\"logo\":{\"@type\":\"ImageObject\",\"inLanguage\":\"fr-FR\",\"@id\":\"https:\\\/\\\/www.minedartenprovence.fr\\\/#\\\/schema\\\/logo\\\/image\\\/\",\"url\":\"https:\\\/\\\/www.minedartenprovence.fr\\\/wp-content\\\/uploads\\\/2023\\\/04\\\/logo-minedartenprovence-1.png\",\"contentUrl\":\"https:\\\/\\\/www.minedartenprovence.fr\\\/wp-content\\\/uploads\\\/2023\\\/04\\\/logo-minedartenprovence-1.png\",\"width\":500,\"height\":500,\"caption\":\"Mine d'Art en Provence\"},\"image\":{\"@id\":\"https:\\\/\\\/www.minedartenprovence.fr\\\/#\\\/schema\\\/logo\\\/image\\\/\"},\"sameAs\":[\"https:\\\/\\\/www.facebook.com\\\/profile.php?id=100091328405319\",\"https:\\\/\\\/www.instagram.com\\\/minedartenprovence\\\/\"]}]}<\/script>\n<!-- \/ Yoast SEO plugin. -->","yoast_head_json":{"title":"H\u00e9l\u00e8ne ROY Fileuse de verre et Perli\u00e8re d'Art \u00e0 Pourri\u00e8res 83","description":"BleuVerre, Fileuse de verre et perli\u00e8re d'art. Artisane d'art dans l'association Mine d'Art en Provence SUD PACA - 83 VAR","robots":{"index":"index","follow":"follow","max-snippet":"max-snippet:-1","max-image-preview":"max-image-preview:large","max-video-preview":"max-video-preview:-1"},"canonical":"https:\/\/www.minedartenprovence.fr\/index.php\/fileuse-de-verre-de-murano-a-la-flamme-en-provence-verte\/","og_locale":"fr_FR","og_type":"article","og_title":"H\u00e9l\u00e8ne ROY Fileuse de verre et Perli\u00e8re d'Art \u00e0 Pourri\u00e8res 83","og_description":"BleuVerre, Fileuse de verre et perli\u00e8re d'art. Artisane d'art dans l'association Mine d'Art en Provence SUD PACA - 83 VAR","og_url":"https:\/\/www.minedartenprovence.fr\/index.php\/fileuse-de-verre-de-murano-a-la-flamme-en-provence-verte\/","og_site_name":"Mine d&#039;Art en Provence","article_publisher":"https:\/\/www.facebook.com\/profile.php?id=100091328405319","article_modified_time":"2025-02-21T15:33:38+00:00","og_image":[{"width":1134,"height":1134,"url":"https:\/\/www.minedartenprovence.fr\/wp-content\/uploads\/2024\/07\/centre.jpg","type":"image\/jpeg"}],"twitter_card":"summary_large_image","twitter_misc":{"Dur\u00e9e de lecture estim\u00e9e":"3 minutes"},"schema":{"@context":"https:\/\/schema.org","@graph":[{"@type":"WebPage","@id":"https:\/\/www.minedartenprovence.fr\/index.php\/fileuse-de-verre-de-murano-a-la-flamme-en-provence-verte\/","url":"https:\/\/www.minedartenprovence.fr\/index.php\/fileuse-de-verre-de-murano-a-la-flamme-en-provence-verte\/","name":"H\u00e9l\u00e8ne ROY Fileuse de verre et Perli\u00e8re d'Art \u00e0 Pourri\u00e8res 83","isPartOf":{"@id":"https:\/\/www.minedartenprovence.fr\/#website"},"primaryImageOfPage":{"@id":"https:\/\/www.minedartenprovence.fr\/index.php\/fileuse-de-verre-de-murano-a-la-flamme-en-provence-verte\/#primaryimage"},"image":{"@id":"https:\/\/www.minedartenprovence.fr\/index.php\/fileuse-de-verre-de-murano-a-la-flamme-en-provence-verte\/#primaryimage"},"thumbnailUrl":"https:\/\/www.minedartenprovence.fr\/wp-content\/uploads\/2024\/07\/centre.jpg","datePublished":"2024-07-21T17:43:11+00:00","dateModified":"2025-02-21T15:33:38+00:00","description":"BleuVerre, Fileuse de verre et perli\u00e8re d'art. Artisane d'art dans l'association Mine d'Art en Provence SUD PACA - 83 VAR","breadcrumb":{"@id":"https:\/\/www.minedartenprovence.fr\/index.php\/fileuse-de-verre-de-murano-a-la-flamme-en-provence-verte\/#breadcrumb"},"inLanguage":"fr-FR","potentialAction":[{"@type":"ReadAction","target":["https:\/\/www.minedartenprovence.fr\/index.php\/fileuse-de-verre-de-murano-a-la-flamme-en-provence-verte\/"]}]},{"@type":"ImageObject","inLanguage":"fr-FR","@id":"https:\/\/www.minedartenprovence.fr\/index.php\/fileuse-de-verre-de-murano-a-la-flamme-en-provence-verte\/#primaryimage","url":"https:\/\/www.minedartenprovence.fr\/wp-content\/uploads\/2024\/07\/centre.jpg","contentUrl":"https:\/\/www.minedartenprovence.fr\/wp-content\/uploads\/2024\/07\/centre.jpg","width":1134,"height":1134,"caption":"H\u00e9l\u00e8ne ROY - fileuse de verre et perli\u00e8re d'art \u00e0 la flamme \u00e0 Pourri\u00e8res en Provence Verte"},{"@type":"BreadcrumbList","@id":"https:\/\/www.minedartenprovence.fr\/index.php\/fileuse-de-verre-de-murano-a-la-flamme-en-provence-verte\/#breadcrumb","itemListElement":[{"@type":"ListItem","position":1,"name":"Accueil","item":"https:\/\/www.minedartenprovence.fr\/"},{"@type":"ListItem","position":2,"name":"BleuVerre Fileuse de verre \u00e0 la flamme en Provence Verte"}]},{"@type":"WebSite","@id":"https:\/\/www.minedartenprovence.fr\/#website","url":"https:\/\/www.minedartenprovence.fr\/","name":"Mine d&#039;Art en Provence","description":"Association des professionnels des m\u00e9tiers d&#039;Art en Provence Verte","publisher":{"@id":"https:\/\/www.minedartenprovence.fr\/#organization"},"potentialAction":[{"@type":"SearchAction","target":{"@type":"EntryPoint","urlTemplate":"https:\/\/www.minedartenprovence.fr\/?s={search_term_string}"},"query-input":{"@type":"PropertyValueSpecification","valueRequired":true,"valueName":"search_term_string"}}],"inLanguage":"fr-FR"},{"@type":"Organization","@id":"https:\/\/www.minedartenprovence.fr\/#organization","name":"Mine d'Art en Provence","url":"https:\/\/www.minedartenprovence.fr\/","logo":{"@type":"ImageObject","inLanguage":"fr-FR","@id":"https:\/\/www.minedartenprovence.fr\/#\/schema\/logo\/image\/","url":"https:\/\/www.minedartenprovence.fr\/wp-content\/uploads\/2023\/04\/logo-minedartenprovence-1.png","contentUrl":"https:\/\/www.minedartenprovence.fr\/wp-content\/uploads\/2023\/04\/logo-minedartenprovence-1.png","width":500,"height":500,"caption":"Mine d'Art en Provence"},"image":{"@id":"https:\/\/www.minedartenprovence.fr\/#\/schema\/logo\/image\/"},"sameAs":["https:\/\/www.facebook.com\/profile.php?id=100091328405319","https:\/\/www.instagram.com\/minedartenprovence\/"]}]}},"_links":{"self":[{"href":"https:\/\/www.minedartenprovence.fr\/index.php\/wp-json\/wp\/v2\/pages\/4784","targetHints":{"allow":["GET"]}}],"collection":[{"href":"https:\/\/www.minedartenprovence.fr\/index.php\/wp-json\/wp\/v2\/pages"}],"about":[{"href":"https:\/\/www.minedartenprovence.fr\/index.php\/wp-json\/wp\/v2\/types\/page"}],"author":[{"embeddable":true,"href":"https:\/\/www.minedartenprovence.fr\/index.php\/wp-json\/wp\/v2\/users\/6"}],"replies":[{"embeddable":true,"href":"https:\/\/www.minedartenprovence.fr\/index.php\/wp-json\/wp\/v2\/comments?post=4784"}],"version-history":[{"count":203,"href":"https:\/\/www.minedartenprovence.fr\/index.php\/wp-json\/wp\/v2\/pages\/4784\/revisions"}],"predecessor-version":[{"id":7592,"href":"https:\/\/www.minedartenprovence.fr\/index.php\/wp-json\/wp\/v2\/pages\/4784\/revisions\/7592"}],"wp:featuredmedia":[{"embeddable":true,"href":"https:\/\/www.minedartenprovence.fr\/index.php\/wp-json\/wp\/v2\/media\/4744"}],"wp:attachment":[{"href":"https:\/\/www.minedartenprovence.fr\/index.php\/wp-json\/wp\/v2\/media?parent=4784"}],"curies":[{"name":"wp","href":"https:\/\/api.w.org\/{rel}","templated":true}]}}