{"id":10,"date":"2023-05-05T07:16:57","date_gmt":"2023-05-05T05:16:57","guid":{"rendered":"http:\/\/www.minedartenprovence.fr\/?page_id=10"},"modified":"2026-03-09T12:37:46","modified_gmt":"2026-03-09T11:37:46","slug":"metiers-dart","status":"publish","type":"page","link":"https:\/\/www.minedartenprovence.fr\/index.php\/metiers-dart\/","title":{"rendered":"Les m\u00e9tiers d&rsquo;Art"},"content":{"rendered":"\t\t<div data-elementor-type=\"wp-page\" data-elementor-id=\"10\" class=\"elementor elementor-10\">\n\t\t\t\t\t\t<section class=\"elementor-section elementor-top-section elementor-element elementor-element-a765647 elementor-section-stretched elementor-section-content-middle elementor-section-boxed elementor-section-height-default elementor-section-height-default\" data-id=\"a765647\" data-element_type=\"section\" data-e-type=\"section\" data-settings=\"{&quot;stretch_section&quot;:&quot;section-stretched&quot;,&quot;shape_divider_top&quot;:&quot;pyramids&quot;,&quot;shape_divider_bottom&quot;:&quot;drops&quot;,&quot;background_background&quot;:&quot;gradient&quot;}\">\n\t\t\t\t\t<div class=\"elementor-shape elementor-shape-top\" aria-hidden=\"true\" data-negative=\"false\">\n\t\t\t<svg xmlns=\"http:\/\/www.w3.org\/2000\/svg\" viewBox=\"0 0 1000 100\" preserveAspectRatio=\"none\">\n\t<path class=\"elementor-shape-fill\" d=\"M761.9,44.1L643.1,27.2L333.8,98L0,3.8V0l1000,0v3.9\"\/>\n<\/svg>\t\t<\/div>\n\t\t\t\t<div class=\"elementor-shape elementor-shape-bottom\" aria-hidden=\"true\" data-negative=\"false\">\n\t\t\t<svg xmlns=\"http:\/\/www.w3.org\/2000\/svg\" height=\"100%\" viewBox=\"0 0 283.5 27.8\" preserveAspectRatio=\"xMidYMax slice\">\n\t<path class=\"elementor-shape-fill\" d=\"M0 0v1.4c.6.7 1.1 1.4 1.4 2 2 3.8 2.2 6.6 1.8 10.8-.3 3.3-2.4 9.4 0 12.3 1.7 2 3.7 1.4 4.6-.9 1.4-3.8-.7-8.2-.6-12 .1-3.7 3.2-5.5 6.9-4.9 4 .6 4.8 4 4.9 7.4.1 1.8-1.1 7 0 8.5.6.8 1.6 1.2 2.4.5 1.4-1.1.1-5.4.1-6.9.1-3.7.3-8.6 4.1-10.5 5-2.5 6.2 1.6 5.4 5.6-.4 1.7-1 9.2 2.9 6.3 1.5-1.1.7-3.5.5-4.9-.4-2.4-.4-4.3 1-6.5.9-1.4 2.4-3.1 4.2-3 2.4.1 2.7 2.2 4 3.7 1.5 1.8 1.8 2.2 3 .1 1.1-1.9 1.2-2.8 3.6-3.3 1.3-.3 4.8-1.4 5.9-.5 1.5 1.1.6 2.8.4 4.3-.2 1.1-.6 4 1.8 3.4 1.7-.4-.3-4.1.6-5.6 1.3-2.2 5.8-1.4 7 .5 1.3 2.1.5 5.8.1 8.1s-1.2 5-.6 7.4c1.3 5.1 4.4.9 4.3-2.4-.1-4.4-2-8.8-.5-13 .9-2.4 4.6-6.6 7.7-4.5 2.7 1.8.5 7.8.2 10.3-.2 1.7-.8 4.6.2 6.2.9 1.4 2 1.5 2.6-.3.5-1.5-.9-4.5-1-6.1-.2-1.7-.4-3.7.2-5.4 1.8-5.6 3.5 2.4 6.3.6 1.4-.9 4.3-9.4 6.1-3.1.6 2.2-1.3 7.8.7 8.9 4.2 2.3 1.5-7.1 2.2-8 3.1-4 4.7 3.8 6.1 4.1 3.1.7 2.8-7.9 8.1-4.5 1.7 1.1 2.9 3.3 3.2 5.2.4 2.2-1 4.5-.6 6.6 1 4.3 4.4 1.5 4.4-1.7 0-2.7-3-8.3 1.4-9.1 4.4-.9 7.3 3.5 7.8 6.9.3 2-1.5 10.9 1.3 11.3 4.1.6-3.2-15.7 4.8-15.8 4.7-.1 2.8 4.1 3.9 6.6 1 2.4 2.1 1 2.3-.8.3-1.9-.9-3.2 1.3-4.3 5.9-2.9 5.9 5.4 5.5 8.5-.3 2-1.7 8.4 2 8.1 6.9-.5-2.8-16.9 4.8-18.7 4.7-1.2 6.1 3.6 6.3 7.1.1 1.7-1.2 8.1.6 9.1 3.5 2 1.9-7 2-8.4.2-4 1.2-9.6 6.4-9.8 4.7-.2 3.2 4.6 2.7 7.5-.4 2.2 1.3 8.6 3.8 4.4 1.1-1.9-.3-4.1-.3-6 0-1.7.4-3.2 1.3-4.6 1-1.6 2.9-3.5 5.1-2.9 2.5.6 2.3 4.1 4.1 4.9 1.9.8 1.6-.9 2.3-2.1 1.2-2.1 2.1-2.1 4.4-2.4 1.4-.2 3.6-1.5 4.9-.5 2.3 1.7-.7 4.4.1 6.5.6 1.5 2.1 1.7 2.8.3.7-1.4-1.1-3.4-.3-4.8 1.4-2.5 6.2-1.2 7.2 1 2.3 4.8-3.3 12-.2 16.3 3 4.1 3.9-2.8 3.8-4.8-.4-4.3-2.1-8.9 0-13.1 1.3-2.5 5.9-5.7 7.9-2.4 2 3.2-1.3 9.8-.8 13.4.5 4.4 3.5 3.3 2.7-.8-.4-1.9-2.4-10 .6-11.1 3.7-1.4 2.8 7.2 6.5.4 2.2-4.1 4.9-3.1 5.2 1.2.1 1.5-.6 3.1-.4 4.6.2 1.9 1.8 3.7 3.3 1.3 1-1.6-2.6-10.4 2.9-7.3 2.6 1.5 1.6 6.5 4.8 2.7 1.3-1.5 1.7-3.6 4-3.7 2.2-.1 4 2.3 4.8 4.1 1.3 2.9-1.5 8.4.9 10.3 4.2 3.3 3-5.5 2.7-6.9-.6-3.9 1-7.2 5.5-5 4.1 2.1 4.3 7.7 4.1 11.6 0 .8-.6 9.5 2.5 5.2 1.2-1.7-.1-7.7.1-9.6.3-2.9 1.2-5.5 4.3-6.2 4.5-1 7.7 1.5 7.4 5.8-.2 3.5-1.8 7.7-.5 11.1 1 2.7 3.6 2.8 5 .2 1.6-3.1 0-8.3-.4-11.6-.4-4.2-.2-7 1.8-10.8 0 0-.1.1-.1.2-.2.4-.3.7-.4.8v.1c-.1.2-.1.2 0 0v-.1l.4-.8c0-.1.1-.1.1-.2.2-.4.5-.8.8-1.2V0H0zM282.7 3.4z\"\/>\n<\/svg>\t\t<\/div>\n\t\t\t\t\t<div class=\"elementor-container elementor-column-gap-default\">\n\t\t\t\t\t<div class=\"elementor-column elementor-col-100 elementor-top-column elementor-element elementor-element-30c13e9\" data-id=\"30c13e9\" data-element_type=\"column\" data-e-type=\"column\">\n\t\t\t<div class=\"elementor-widget-wrap elementor-element-populated\">\n\t\t\t\t\t\t<section class=\"elementor-section elementor-inner-section elementor-element elementor-element-952fe63 elementor-section-full_width elementor-section-height-default elementor-section-height-default\" data-id=\"952fe63\" data-element_type=\"section\" data-e-type=\"section\">\n\t\t\t\t\t\t<div class=\"elementor-container elementor-column-gap-default\">\n\t\t\t\t\t<div class=\"elementor-column elementor-col-50 elementor-inner-column elementor-element elementor-element-b6879b3\" data-id=\"b6879b3\" data-element_type=\"column\" data-e-type=\"column\">\n\t\t\t<div class=\"elementor-widget-wrap elementor-element-populated\">\n\t\t\t\t\t\t<div class=\"elementor-element elementor-element-b573df5 elementor-widget__width-initial elementor-widget elementor-widget-heading\" data-id=\"b573df5\" data-element_type=\"widget\" data-e-type=\"widget\" data-widget_type=\"heading.default\">\n\t\t\t\t<div class=\"elementor-widget-container\">\n\t\t\t\t\t<p class=\"elementor-heading-title elementor-size-default\"><b>Les M\u00e9tiers d'Art Fran\u00e7ais<\/b><\/p>\t\t\t\t<\/div>\n\t\t\t\t<\/div>\n\t\t\t\t<div class=\"elementor-element elementor-element-31955c3 elementor-widget__width-initial elementor-widget elementor-widget-text-editor\" data-id=\"31955c3\" data-element_type=\"widget\" data-e-type=\"widget\" data-widget_type=\"text-editor.default\">\n\t\t\t\t<div class=\"elementor-widget-container\">\n\t\t\t\t\t\t\t\t\t<p>La d\u00e9finition des m\u00e9tiers d\u2019art est tout \u00e0 fait subjective, n\u00e9anmoins, elle r\u00e9pond \u00e0 trois crit\u00e8res :<\/p><ul><li>Mettre en \u0153uvre des savoir-faire complexes pour transformer la mati\u00e8re<\/li><li>Cr\u00e9er et produire des objets uniques ou de petites s\u00e9ries \u00e0 caract\u00e8re artistique<\/li><li>Avoir une ma\u00eetrise globale de son m\u00e9tier<\/li><\/ul><p>Les m\u00e9tiers d\u2019art sont des m\u00e9tiers manuels artisanaux. Ils mobilisent des savoir-faire traditionnels de haute technicit\u00e9, souvent d\u2019exception.<\/p><p>La loi d\u00e9finit les 281 m\u00e9tiers d&rsquo;art officiellement dans un <a href=\"https:\/\/www.legifrance.gouv.fr\/loda\/id\/JORFTEXT000031941949\/2025-05-06\/\" target=\"_blank\" rel=\"noopener\">arr\u00eat\u00e9.<\/a><\/p>\t\t\t\t\t\t\t\t<\/div>\n\t\t\t\t<\/div>\n\t\t\t\t\t<\/div>\n\t\t<\/div>\n\t\t\t\t<div class=\"elementor-column elementor-col-50 elementor-inner-column elementor-element elementor-element-ab2bc0f\" data-id=\"ab2bc0f\" data-element_type=\"column\" data-e-type=\"column\">\n\t\t\t<div class=\"elementor-widget-wrap elementor-element-populated\">\n\t\t\t\t\t\t<div class=\"elementor-element elementor-element-40398d3 elementor-widget__width-initial elementor-widget elementor-widget-image\" data-id=\"40398d3\" data-element_type=\"widget\" data-e-type=\"widget\" data-widget_type=\"image.default\">\n\t\t\t\t<div class=\"elementor-widget-container\">\n\t\t\t\t\t\t\t\t\t\t\t\t<figure class=\"wp-caption\">\n\t\t\t\t\t\t\t\t\t\t<img fetchpriority=\"high\" decoding=\"async\" width=\"768\" height=\"512\" src=\"https:\/\/www.minedartenprovence.fr\/wp-content\/uploads\/2023\/04\/IMG_9598-768x512.jpg\" class=\"attachment-medium_large size-medium_large wp-image-850\" alt=\"Terre Sacr\u00e9e C\u00e9ramique - Tournage - Mine d&#039;Art en Provence\" srcset=\"https:\/\/www.minedartenprovence.fr\/wp-content\/uploads\/2023\/04\/IMG_9598-768x512.jpg 768w, https:\/\/www.minedartenprovence.fr\/wp-content\/uploads\/2023\/04\/IMG_9598-300x200.jpg 300w, https:\/\/www.minedartenprovence.fr\/wp-content\/uploads\/2023\/04\/IMG_9598-1024x683.jpg 1024w, https:\/\/www.minedartenprovence.fr\/wp-content\/uploads\/2023\/04\/IMG_9598-1536x1024.jpg 1536w, https:\/\/www.minedartenprovence.fr\/wp-content\/uploads\/2023\/04\/IMG_9598-2048x1365.jpg 2048w\" sizes=\"(max-width: 768px) 100vw, 768px\" \/>\t\t\t\t\t\t\t\t\t\t\t<figcaption class=\"widget-image-caption wp-caption-text\">Terre Sacr\u00e9e C\u00e9ramique - Tournage<\/figcaption>\n\t\t\t\t\t\t\t\t\t\t<\/figure>\n\t\t\t\t\t\t\t\t\t<\/div>\n\t\t\t\t<\/div>\n\t\t\t\t\t<\/div>\n\t\t<\/div>\n\t\t\t\t\t<\/div>\n\t\t<\/section>\n\t\t\t\t\t<\/div>\n\t\t<\/div>\n\t\t\t\t\t<\/div>\n\t\t<\/section>\n\t\t\t\t<section class=\"elementor-section elementor-top-section elementor-element elementor-element-e9db562 elementor-section-boxed elementor-section-height-default elementor-section-height-default\" data-id=\"e9db562\" data-element_type=\"section\" data-e-type=\"section\">\n\t\t\t\t\t\t<div class=\"elementor-container elementor-column-gap-default\">\n\t\t\t\t\t<div class=\"elementor-column elementor-col-100 elementor-top-column elementor-element elementor-element-cbf32f6\" data-id=\"cbf32f6\" data-element_type=\"column\" data-e-type=\"column\">\n\t\t\t<div class=\"elementor-widget-wrap elementor-element-populated\">\n\t\t\t\t\t\t<div class=\"elementor-element elementor-element-7181373 elementor-widget-divider--view-line elementor-widget elementor-widget-divider\" data-id=\"7181373\" data-element_type=\"widget\" data-e-type=\"widget\" data-widget_type=\"divider.default\">\n\t\t\t\t<div class=\"elementor-widget-container\">\n\t\t\t\t\t\t\t<div class=\"elementor-divider\">\n\t\t\t<span class=\"elementor-divider-separator\">\n\t\t\t\t\t\t<\/span>\n\t\t<\/div>\n\t\t\t\t\t\t<\/div>\n\t\t\t\t<\/div>\n\t\t\t\t<section class=\"elementor-section elementor-inner-section elementor-element elementor-element-c88746b elementor-section-full_width elementor-section-height-default elementor-section-height-default\" data-id=\"c88746b\" data-element_type=\"section\" data-e-type=\"section\">\n\t\t\t\t\t\t<div class=\"elementor-container elementor-column-gap-default\">\n\t\t\t\t\t<div class=\"elementor-column elementor-col-50 elementor-inner-column elementor-element elementor-element-598a170\" data-id=\"598a170\" data-element_type=\"column\" data-e-type=\"column\">\n\t\t\t<div class=\"elementor-widget-wrap elementor-element-populated\">\n\t\t\t\t\t\t<div class=\"elementor-element elementor-element-8dfe923 elementor-widget__width-inherit elementor-widget elementor-widget-heading\" data-id=\"8dfe923\" data-element_type=\"widget\" data-e-type=\"widget\" data-widget_type=\"heading.default\">\n\t\t\t\t<div class=\"elementor-widget-container\">\n\t\t\t\t\t<h2 class=\"elementor-heading-title elementor-size-default\"><b>Les M\u00e9tiers d'Art sont d\u00e9di\u00e9s \u00e0 la cr\u00e9ation et au patrimoine Fran\u00e7ais<\/b><\/h2>\t\t\t\t<\/div>\n\t\t\t\t<\/div>\n\t\t\t\t<div class=\"elementor-element elementor-element-09fa0bb elementor-widget__width-initial elementor-widget elementor-widget-text-editor\" data-id=\"09fa0bb\" data-element_type=\"widget\" data-e-type=\"widget\" data-widget_type=\"text-editor.default\">\n\t\t\t\t<div class=\"elementor-widget-container\">\n\t\t\t\t\t\t\t\t\t<p>Leur finalit\u00e9 est la cr\u00e9ation ou la restauration du patrimoine. Ce sont des m\u00e9tiers de la main, ils n\u00e9cessitent des ann\u00e9es de pratique avant d\u2019atteindre une ma\u00eetrise parfaite des gestes.<\/p><p>Les m\u00e9tiers d\u2019artisanat d&rsquo;Art ne constituent pas un secteur unique mais se retrouvent dans plusieurs secteurs \u00e9conomiques : le luxe,\u00a0<a href=\"https:\/\/www.minedartenprovence.fr\/index.php\/angelique-fontaine-couturiere-en-provence-verte\/\">la mode<\/a>,\u00a0<a href=\"https:\/\/www.minedartenprovence.fr\/index.php\/lor-et-creations-bijouterie-et-formation-en-provence-verte\/\">la joaillerie<\/a>, l&rsquo;architecture et la d\u00e9coration d&rsquo;int\u00e9rieur, le patrimoine, le spectacle vivant&#8230; Les professionnels des m\u00e9tiers d\u2019art travaillent des mati\u00e8res premi\u00e8res nobles et durables ou ennoblies :\u00a0<a href=\"https:\/\/www.minedartenprovence.fr\/index.php\/spoligri-ceramiste-en-provence-verte\/\">la terre<\/a>,\u00a0la pierre,\u00a0<a href=\"https:\/\/www.minedartenprovence.fr\/index.php\/florie-carrer-artiste-fondeuse-dart-en-provence-verte\/\">le m\u00e9tal<\/a>,\u00a0le vitrail,\u00a0<a href=\"https:\/\/www.minedartenprovence.fr\/index.php\/fileuse-de-verre-de-murano-a-la-flamme-en-provence-verte\/\">le verre<\/a>,\u00a0<a href=\"https:\/\/www.minedartenprovence.fr\/index.php\/bouliwood-creations-bois-jeux-educatifs-et-art-de-la-table-en-bois-en-provence-verte\/\">le bois<\/a>\u00a0et\u00a0<a href=\"https:\/\/www.minedartenprovence.fr\/index.php\/les-cousardes-couturieres-et-tapissieres-dameublement-artisans-dart-en-provence-verte\/\">les mati\u00e8res textiles<\/a>\u00a0animales et\u00a0<a href=\"https:\/\/www.minedartenprovence.fr\/index.php\/charafi-solange-battarra-objets-de-recup-upcycling-professionnelle-des-metiers-dart-dans-lassociation-mine-dart-en-provence\/\">v\u00e9g\u00e9tales<\/a>\u00a0ou des mati\u00e8res issues de l\u2019innovation technologique r\u00e9cente. Ils d\u00e9pendent par cons\u00e9quent de plusieurs fili\u00e8res.<\/p><p>Fortement impr\u00e9gn\u00e9s d\u2019histoire, les m\u00e9tiers d&rsquo;artisanat d&rsquo;Art, sont tr\u00e8s implant\u00e9s dans les territoires locaux comme la Provence Verte : La c\u00e9ramique autour de la\u00a0<a href=\"https:\/\/www.minedartenprovence.fr\/index.php\/spoligri-ceramiste-en-provence-verte\/\">Terre de Salernes<\/a>, le marbre de Pourcieux, les essences de bois d&rsquo;olivier&#8230;<\/p>\t\t\t\t\t\t\t\t<\/div>\n\t\t\t\t<\/div>\n\t\t\t\t\t<\/div>\n\t\t<\/div>\n\t\t\t\t<div class=\"elementor-column elementor-col-50 elementor-inner-column elementor-element elementor-element-63cb95c\" data-id=\"63cb95c\" data-element_type=\"column\" data-e-type=\"column\">\n\t\t\t<div class=\"elementor-widget-wrap elementor-element-populated\">\n\t\t\t\t\t\t<div class=\"elementor-element elementor-element-731b6e3 elementor-widget__width-initial elementor-widget elementor-widget-image\" data-id=\"731b6e3\" data-element_type=\"widget\" data-e-type=\"widget\" data-widget_type=\"image.default\">\n\t\t\t\t<div class=\"elementor-widget-container\">\n\t\t\t\t\t\t\t\t\t\t\t\t<figure class=\"wp-caption\">\n\t\t\t\t\t\t\t\t\t\t<img decoding=\"async\" width=\"300\" height=\"200\" src=\"https:\/\/www.minedartenprovence.fr\/wp-content\/uploads\/2023\/06\/La-rose-du-sud-notre-dame-de-paris-minedartenprovence-300x200.jpg\" class=\"attachment-medium size-medium wp-image-4377\" alt=\"La rose du sud de notre dame de Paris - Mine d&#039;Art en Provence.\" srcset=\"https:\/\/www.minedartenprovence.fr\/wp-content\/uploads\/2023\/06\/La-rose-du-sud-notre-dame-de-paris-minedartenprovence-300x200.jpg 300w, https:\/\/www.minedartenprovence.fr\/wp-content\/uploads\/2023\/06\/La-rose-du-sud-notre-dame-de-paris-minedartenprovence.jpg 640w\" sizes=\"(max-width: 300px) 100vw, 300px\" \/>\t\t\t\t\t\t\t\t\t\t\t<figcaption class=\"widget-image-caption wp-caption-text\">La rose sud, dit aussi \u00ab rose du midi \u00bb est offerte par le roi saint Louis. Elle est \u00e9difi\u00e9e en 1260 en \u00e9cho \u00e0 la rose nord, \u00e9difi\u00e9e vers 1250.Sa conception est l\u2019\u0153uvre de Jean de Chelles, puis de Pierre de Montreuil. Elle mesure presque treize m\u00e8tre de diam\u00e8tre. Avec la claire-voie sur laquelle elle repose, la hauteur totale de vitrage atteint pr\u00e8s de dix-neuf m\u00e8tres.<\/figcaption>\n\t\t\t\t\t\t\t\t\t\t<\/figure>\n\t\t\t\t\t\t\t\t\t<\/div>\n\t\t\t\t<\/div>\n\t\t\t\t\t<\/div>\n\t\t<\/div>\n\t\t\t\t\t<\/div>\n\t\t<\/section>\n\t\t\t\t\t<\/div>\n\t\t<\/div>\n\t\t\t\t\t<\/div>\n\t\t<\/section>\n\t\t\t\t<section class=\"elementor-section elementor-top-section elementor-element elementor-element-75f8bcb elementor-section-boxed elementor-section-height-default elementor-section-height-default\" data-id=\"75f8bcb\" data-element_type=\"section\" data-e-type=\"section\">\n\t\t\t\t\t\t<div class=\"elementor-container elementor-column-gap-default\">\n\t\t\t\t\t<div class=\"elementor-column elementor-col-100 elementor-top-column elementor-element elementor-element-cd1342e\" data-id=\"cd1342e\" data-element_type=\"column\" data-e-type=\"column\">\n\t\t\t<div class=\"elementor-widget-wrap elementor-element-populated\">\n\t\t\t\t\t\t<div class=\"elementor-element elementor-element-95e152f elementor-widget-divider--view-line elementor-widget elementor-widget-divider\" data-id=\"95e152f\" data-element_type=\"widget\" data-e-type=\"widget\" data-widget_type=\"divider.default\">\n\t\t\t\t<div class=\"elementor-widget-container\">\n\t\t\t\t\t\t\t<div class=\"elementor-divider\">\n\t\t\t<span class=\"elementor-divider-separator\">\n\t\t\t\t\t\t<\/span>\n\t\t<\/div>\n\t\t\t\t\t\t<\/div>\n\t\t\t\t<\/div>\n\t\t\t\t<section class=\"elementor-section elementor-inner-section elementor-element elementor-element-07ba8cd elementor-section-full_width elementor-section-height-default elementor-section-height-default\" data-id=\"07ba8cd\" data-element_type=\"section\" data-e-type=\"section\">\n\t\t\t\t\t\t<div class=\"elementor-container elementor-column-gap-no\">\n\t\t\t\t\t<div class=\"elementor-column elementor-col-50 elementor-inner-column elementor-element elementor-element-05b7698\" data-id=\"05b7698\" data-element_type=\"column\" data-e-type=\"column\">\n\t\t\t<div class=\"elementor-widget-wrap elementor-element-populated\">\n\t\t\t\t\t\t<div class=\"elementor-element elementor-element-93873d2 elementor-widget__width-inherit elementor-widget elementor-widget-heading\" data-id=\"93873d2\" data-element_type=\"widget\" data-e-type=\"widget\" data-widget_type=\"heading.default\">\n\t\t\t\t<div class=\"elementor-widget-container\">\n\t\t\t\t\t<h2 class=\"elementor-heading-title elementor-size-default\">DES M\u00c9TIERS D'EXCELLENCE<\/h2>\t\t\t\t<\/div>\n\t\t\t\t<\/div>\n\t\t\t\t<div class=\"elementor-element elementor-element-df039a9 elementor-widget__width-initial elementor-widget elementor-widget-text-editor\" data-id=\"df039a9\" data-element_type=\"widget\" data-e-type=\"widget\" data-widget_type=\"text-editor.default\">\n\t\t\t\t<div class=\"elementor-widget-container\">\n\t\t\t\t\t\t\t\t\t<p>L&rsquo;ensemble des artisans, artistes et cr\u00e9ateurs repr\u00e9sente une grande diversit\u00e9 de savoir-faire ainsi que des ressources infinies. Elle \u00e9volue sans cesse au gr\u00e9 des innovations et des collaborations.<\/p><p>Les professionnels de l&rsquo;artisanat d&rsquo;Art sont d\u2019abord <strong>des hommes et des femmes de passion travaillant pour la conservation et la restauration du patrimoine<\/strong>.<br \/>Ils cr\u00e9ent aussi des \u0153uvres d\u2019art en lien avec les particuliers, les d\u00e9corateurs ou les designers. M\u00e9tiers d\u2019hier et d\u2019aujourd\u2019hui, <strong>les m\u00e9tiers d\u2019art sont surtout des m\u00e9tiers d&rsquo;avenir.<\/strong> Ils \u00e9veillent sans cesse de nouvelles passions et vocations.<br \/>L&rsquo;artisan d&rsquo;Art<strong> ma\u00eetrise ce m\u00e9tier dans sa globalit\u00e9.<\/strong><\/p>\t\t\t\t\t\t\t\t<\/div>\n\t\t\t\t<\/div>\n\t\t\t\t\t<\/div>\n\t\t<\/div>\n\t\t\t\t<div class=\"elementor-column elementor-col-50 elementor-inner-column elementor-element elementor-element-a157dfd\" data-id=\"a157dfd\" data-element_type=\"column\" data-e-type=\"column\">\n\t\t\t<div class=\"elementor-widget-wrap elementor-element-populated\">\n\t\t\t\t\t\t<div class=\"elementor-element elementor-element-5d4b084 elementor-widget__width-initial elementor-widget elementor-widget-image\" data-id=\"5d4b084\" data-element_type=\"widget\" data-e-type=\"widget\" data-widget_type=\"image.default\">\n\t\t\t\t<div class=\"elementor-widget-container\">\n\t\t\t\t\t\t\t\t\t\t\t\t<figure class=\"wp-caption\">\n\t\t\t\t\t\t\t\t\t\t<img decoding=\"async\" width=\"205\" height=\"300\" src=\"https:\/\/www.minedartenprovence.fr\/wp-content\/uploads\/2023\/06\/Artiste-Artisane-dArt-Carrer-Minedartenprovence-205x300.jpg\" class=\"attachment-medium size-medium wp-image-4378\" alt=\"Artiste - Artisane d&#039;Art Carrer -Mine d&#039;art en Provence\" srcset=\"https:\/\/www.minedartenprovence.fr\/wp-content\/uploads\/2023\/06\/Artiste-Artisane-dArt-Carrer-Minedartenprovence-205x300.jpg 205w, https:\/\/www.minedartenprovence.fr\/wp-content\/uploads\/2023\/06\/Artiste-Artisane-dArt-Carrer-Minedartenprovence-700x1024.jpg 700w, https:\/\/www.minedartenprovence.fr\/wp-content\/uploads\/2023\/06\/Artiste-Artisane-dArt-Carrer-Minedartenprovence-768x1124.jpg 768w, https:\/\/www.minedartenprovence.fr\/wp-content\/uploads\/2023\/06\/Artiste-Artisane-dArt-Carrer-Minedartenprovence-1050x1536.jpg 1050w, https:\/\/www.minedartenprovence.fr\/wp-content\/uploads\/2023\/06\/Artiste-Artisane-dArt-Carrer-Minedartenprovence-1400x2048.jpg 1400w, https:\/\/www.minedartenprovence.fr\/wp-content\/uploads\/2023\/06\/Artiste-Artisane-dArt-Carrer-Minedartenprovence-scaled.jpg 1750w\" sizes=\"(max-width: 205px) 100vw, 205px\" \/>\t\t\t\t\t\t\t\t\t\t\t<figcaption class=\"widget-image-caption wp-caption-text\">Agapao - Florie CARRER - Fleur agaphante en bronze sur socle marbre de Carrare<\/figcaption>\n\t\t\t\t\t\t\t\t\t\t<\/figure>\n\t\t\t\t\t\t\t\t\t<\/div>\n\t\t\t\t<\/div>\n\t\t\t\t\t<\/div>\n\t\t<\/div>\n\t\t\t\t\t<\/div>\n\t\t<\/section>\n\t\t\t\t\t<\/div>\n\t\t<\/div>\n\t\t\t\t\t<\/div>\n\t\t<\/section>\n\t\t\t\t<\/div>\n\t\t","protected":false},"excerpt":{"rendered":"<p>Les M\u00e9tiers d&rsquo;Art Fran\u00e7ais La d\u00e9finition des m\u00e9tiers d\u2019art est tout \u00e0 fait subjective, n\u00e9anmoins, elle r\u00e9pond \u00e0 trois crit\u00e8res : Mettre en \u0153uvre des savoir-faire complexes pour transformer la mati\u00e8re Cr\u00e9er et produire des objets uniques ou de petites s\u00e9ries \u00e0 caract\u00e8re artistique Avoir une ma\u00eetrise globale de son m\u00e9tier Les m\u00e9tiers d\u2019art sont [&hellip;]<\/p>\n","protected":false},"author":2,"featured_media":0,"parent":0,"menu_order":0,"comment_status":"closed","ping_status":"closed","template":"","meta":{"ocean_post_layout":"","ocean_both_sidebars_style":"","ocean_both_sidebars_content_width":0,"ocean_both_sidebars_sidebars_width":0,"ocean_sidebar":"0","ocean_second_sidebar":"0","ocean_disable_margins":"enable","ocean_add_body_class":"","ocean_shortcode_before_top_bar":"","ocean_shortcode_after_top_bar":"","ocean_shortcode_before_header":"","ocean_shortcode_after_header":"","ocean_has_shortcode":"","ocean_shortcode_after_title":"","ocean_shortcode_before_footer_widgets":"","ocean_shortcode_after_footer_widgets":"","ocean_shortcode_before_footer_bottom":"","ocean_shortcode_after_footer_bottom":"","ocean_display_top_bar":"default","ocean_display_header":"default","ocean_header_style":"","ocean_center_header_left_menu":"0","ocean_custom_header_template":"0","ocean_custom_logo":0,"ocean_custom_retina_logo":0,"ocean_custom_logo_max_width":0,"ocean_custom_logo_tablet_max_width":0,"ocean_custom_logo_mobile_max_width":0,"ocean_custom_logo_max_height":0,"ocean_custom_logo_tablet_max_height":0,"ocean_custom_logo_mobile_max_height":0,"ocean_header_custom_menu":"0","ocean_menu_typo_font_family":"0","ocean_menu_typo_font_subset":"","ocean_menu_typo_font_size":0,"ocean_menu_typo_font_size_tablet":0,"ocean_menu_typo_font_size_mobile":0,"ocean_menu_typo_font_size_unit":"px","ocean_menu_typo_font_weight":"","ocean_menu_typo_font_weight_tablet":"","ocean_menu_typo_font_weight_mobile":"","ocean_menu_typo_transform":"","ocean_menu_typo_transform_tablet":"","ocean_menu_typo_transform_mobile":"","ocean_menu_typo_line_height":0,"ocean_menu_typo_line_height_tablet":0,"ocean_menu_typo_line_height_mobile":0,"ocean_menu_typo_line_height_unit":"","ocean_menu_typo_spacing":0,"ocean_menu_typo_spacing_tablet":0,"ocean_menu_typo_spacing_mobile":0,"ocean_menu_typo_spacing_unit":"","ocean_menu_link_color":"","ocean_menu_link_color_hover":"","ocean_menu_link_color_active":"","ocean_menu_link_background":"","ocean_menu_link_hover_background":"","ocean_menu_link_active_background":"","ocean_menu_social_links_bg":"","ocean_menu_social_hover_links_bg":"","ocean_menu_social_links_color":"","ocean_menu_social_hover_links_color":"","ocean_disable_title":"default","ocean_disable_heading":"default","ocean_post_title":"","ocean_post_subheading":"","ocean_post_title_style":"","ocean_post_title_background_color":"","ocean_post_title_background":0,"ocean_post_title_bg_image_position":"","ocean_post_title_bg_image_attachment":"","ocean_post_title_bg_image_repeat":"","ocean_post_title_bg_image_size":"","ocean_post_title_height":0,"ocean_post_title_bg_overlay":0.5,"ocean_post_title_bg_overlay_color":"","ocean_disable_breadcrumbs":"default","ocean_breadcrumbs_color":"","ocean_breadcrumbs_separator_color":"","ocean_breadcrumbs_links_color":"","ocean_breadcrumbs_links_hover_color":"","ocean_display_footer_widgets":"default","ocean_display_footer_bottom":"default","ocean_custom_footer_template":"0","footnotes":""},"class_list":["post-10","page","type-page","status-publish","hentry","entry"],"yoast_head":"<!-- This site is optimized with the Yoast SEO plugin v27.4 - https:\/\/yoast.com\/product\/yoast-seo-wordpress\/ -->\n<title>Les M\u00e9tiers d&#039;Art - Mine d&#039;Art en Provence<\/title>\n<meta name=\"description\" content=\"Les M\u00e9tiers d&#039;Art : un domaine d&#039;Excellence... D\u00e9couvrez les artisans d&#039;Art de l&#039;association Mine d&#039;Art en Provence Verte. (SUD PACA - 83 VAR)\" \/>\n<meta name=\"robots\" content=\"index, follow, max-snippet:-1, max-image-preview:large, max-video-preview:-1\" \/>\n<link rel=\"canonical\" href=\"https:\/\/www.minedartenprovence.fr\/index.php\/metiers-dart\/\" \/>\n<meta property=\"og:locale\" content=\"fr_FR\" \/>\n<meta property=\"og:type\" content=\"article\" \/>\n<meta property=\"og:title\" content=\"Les M\u00e9tiers d&#039;Art - Mine d&#039;Art en Provence\" \/>\n<meta property=\"og:description\" content=\"Les M\u00e9tiers d&#039;Art : un domaine d&#039;Excellence... D\u00e9couvrez les artisans d&#039;Art de l&#039;association Mine d&#039;Art en Provence Verte. (SUD PACA - 83 VAR)\" \/>\n<meta property=\"og:url\" content=\"https:\/\/www.minedartenprovence.fr\/index.php\/metiers-dart\/\" \/>\n<meta property=\"og:site_name\" content=\"Mine d&#039;Art en Provence\" \/>\n<meta property=\"article:publisher\" content=\"https:\/\/www.facebook.com\/profile.php?id=100091328405319\" \/>\n<meta property=\"article:modified_time\" content=\"2026-03-09T11:37:46+00:00\" \/>\n<meta property=\"og:image\" content=\"https:\/\/www.minedartenprovence.fr\/wp-content\/uploads\/2023\/04\/IMG_9598-scaled.jpg\" \/>\n\t<meta property=\"og:image:width\" content=\"2560\" \/>\n\t<meta property=\"og:image:height\" content=\"1707\" \/>\n\t<meta property=\"og:image:type\" content=\"image\/jpeg\" \/>\n<meta name=\"twitter:card\" content=\"summary_large_image\" \/>\n<meta name=\"twitter:label1\" content=\"Dur\u00e9e de lecture estim\u00e9e\" \/>\n\t<meta name=\"twitter:data1\" content=\"3 minutes\" \/>\n<script type=\"application\/ld+json\" class=\"yoast-schema-graph\">{\"@context\":\"https:\\\/\\\/schema.org\",\"@graph\":[{\"@type\":\"WebPage\",\"@id\":\"https:\\\/\\\/www.minedartenprovence.fr\\\/index.php\\\/metiers-dart\\\/\",\"url\":\"https:\\\/\\\/www.minedartenprovence.fr\\\/index.php\\\/metiers-dart\\\/\",\"name\":\"Les M\u00e9tiers d'Art - Mine d&#039;Art en Provence\",\"isPartOf\":{\"@id\":\"https:\\\/\\\/www.minedartenprovence.fr\\\/#website\"},\"primaryImageOfPage\":{\"@id\":\"https:\\\/\\\/www.minedartenprovence.fr\\\/index.php\\\/metiers-dart\\\/#primaryimage\"},\"image\":{\"@id\":\"https:\\\/\\\/www.minedartenprovence.fr\\\/index.php\\\/metiers-dart\\\/#primaryimage\"},\"thumbnailUrl\":\"https:\\\/\\\/www.minedartenprovence.fr\\\/wp-content\\\/uploads\\\/2023\\\/04\\\/IMG_9598-768x512.jpg\",\"datePublished\":\"2023-05-05T05:16:57+00:00\",\"dateModified\":\"2026-03-09T11:37:46+00:00\",\"description\":\"Les M\u00e9tiers d'Art : un domaine d'Excellence... D\u00e9couvrez les artisans d'Art de l'association Mine d'Art en Provence Verte. (SUD PACA - 83 VAR)\",\"breadcrumb\":{\"@id\":\"https:\\\/\\\/www.minedartenprovence.fr\\\/index.php\\\/metiers-dart\\\/#breadcrumb\"},\"inLanguage\":\"fr-FR\",\"potentialAction\":[{\"@type\":\"ReadAction\",\"target\":[\"https:\\\/\\\/www.minedartenprovence.fr\\\/index.php\\\/metiers-dart\\\/\"]}]},{\"@type\":\"ImageObject\",\"inLanguage\":\"fr-FR\",\"@id\":\"https:\\\/\\\/www.minedartenprovence.fr\\\/index.php\\\/metiers-dart\\\/#primaryimage\",\"url\":\"https:\\\/\\\/www.minedartenprovence.fr\\\/wp-content\\\/uploads\\\/2023\\\/04\\\/IMG_9598-scaled.jpg\",\"contentUrl\":\"https:\\\/\\\/www.minedartenprovence.fr\\\/wp-content\\\/uploads\\\/2023\\\/04\\\/IMG_9598-scaled.jpg\",\"width\":2560,\"height\":1707,\"caption\":\"Terre Sacr\u00e9e C\u00e9ramique - Tournage\"},{\"@type\":\"BreadcrumbList\",\"@id\":\"https:\\\/\\\/www.minedartenprovence.fr\\\/index.php\\\/metiers-dart\\\/#breadcrumb\",\"itemListElement\":[{\"@type\":\"ListItem\",\"position\":1,\"name\":\"Accueil\",\"item\":\"https:\\\/\\\/www.minedartenprovence.fr\\\/\"},{\"@type\":\"ListItem\",\"position\":2,\"name\":\"Les m\u00e9tiers d&rsquo;Art\"}]},{\"@type\":\"WebSite\",\"@id\":\"https:\\\/\\\/www.minedartenprovence.fr\\\/#website\",\"url\":\"https:\\\/\\\/www.minedartenprovence.fr\\\/\",\"name\":\"Mine d&#039;Art en Provence\",\"description\":\"Association des professionnels des m\u00e9tiers d&#039;Art en Provence Verte\",\"publisher\":{\"@id\":\"https:\\\/\\\/www.minedartenprovence.fr\\\/#organization\"},\"potentialAction\":[{\"@type\":\"SearchAction\",\"target\":{\"@type\":\"EntryPoint\",\"urlTemplate\":\"https:\\\/\\\/www.minedartenprovence.fr\\\/?s={search_term_string}\"},\"query-input\":{\"@type\":\"PropertyValueSpecification\",\"valueRequired\":true,\"valueName\":\"search_term_string\"}}],\"inLanguage\":\"fr-FR\"},{\"@type\":\"Organization\",\"@id\":\"https:\\\/\\\/www.minedartenprovence.fr\\\/#organization\",\"name\":\"Mine d'Art en Provence\",\"url\":\"https:\\\/\\\/www.minedartenprovence.fr\\\/\",\"logo\":{\"@type\":\"ImageObject\",\"inLanguage\":\"fr-FR\",\"@id\":\"https:\\\/\\\/www.minedartenprovence.fr\\\/#\\\/schema\\\/logo\\\/image\\\/\",\"url\":\"https:\\\/\\\/www.minedartenprovence.fr\\\/wp-content\\\/uploads\\\/2023\\\/04\\\/logo-minedartenprovence-1.png\",\"contentUrl\":\"https:\\\/\\\/www.minedartenprovence.fr\\\/wp-content\\\/uploads\\\/2023\\\/04\\\/logo-minedartenprovence-1.png\",\"width\":500,\"height\":500,\"caption\":\"Mine d'Art en Provence\"},\"image\":{\"@id\":\"https:\\\/\\\/www.minedartenprovence.fr\\\/#\\\/schema\\\/logo\\\/image\\\/\"},\"sameAs\":[\"https:\\\/\\\/www.facebook.com\\\/profile.php?id=100091328405319\",\"https:\\\/\\\/www.instagram.com\\\/minedartenprovence\\\/\"]}]}<\/script>\n<!-- \/ Yoast SEO plugin. -->","yoast_head_json":{"title":"Les M\u00e9tiers d'Art - Mine d&#039;Art en Provence","description":"Les M\u00e9tiers d'Art : un domaine d'Excellence... D\u00e9couvrez les artisans d'Art de l'association Mine d'Art en Provence Verte. (SUD PACA - 83 VAR)","robots":{"index":"index","follow":"follow","max-snippet":"max-snippet:-1","max-image-preview":"max-image-preview:large","max-video-preview":"max-video-preview:-1"},"canonical":"https:\/\/www.minedartenprovence.fr\/index.php\/metiers-dart\/","og_locale":"fr_FR","og_type":"article","og_title":"Les M\u00e9tiers d'Art - Mine d&#039;Art en Provence","og_description":"Les M\u00e9tiers d'Art : un domaine d'Excellence... D\u00e9couvrez les artisans d'Art de l'association Mine d'Art en Provence Verte. (SUD PACA - 83 VAR)","og_url":"https:\/\/www.minedartenprovence.fr\/index.php\/metiers-dart\/","og_site_name":"Mine d&#039;Art en Provence","article_publisher":"https:\/\/www.facebook.com\/profile.php?id=100091328405319","article_modified_time":"2026-03-09T11:37:46+00:00","og_image":[{"width":2560,"height":1707,"url":"https:\/\/www.minedartenprovence.fr\/wp-content\/uploads\/2023\/04\/IMG_9598-scaled.jpg","type":"image\/jpeg"}],"twitter_card":"summary_large_image","twitter_misc":{"Dur\u00e9e de lecture estim\u00e9e":"3 minutes"},"schema":{"@context":"https:\/\/schema.org","@graph":[{"@type":"WebPage","@id":"https:\/\/www.minedartenprovence.fr\/index.php\/metiers-dart\/","url":"https:\/\/www.minedartenprovence.fr\/index.php\/metiers-dart\/","name":"Les M\u00e9tiers d'Art - Mine d&#039;Art en Provence","isPartOf":{"@id":"https:\/\/www.minedartenprovence.fr\/#website"},"primaryImageOfPage":{"@id":"https:\/\/www.minedartenprovence.fr\/index.php\/metiers-dart\/#primaryimage"},"image":{"@id":"https:\/\/www.minedartenprovence.fr\/index.php\/metiers-dart\/#primaryimage"},"thumbnailUrl":"https:\/\/www.minedartenprovence.fr\/wp-content\/uploads\/2023\/04\/IMG_9598-768x512.jpg","datePublished":"2023-05-05T05:16:57+00:00","dateModified":"2026-03-09T11:37:46+00:00","description":"Les M\u00e9tiers d'Art : un domaine d'Excellence... D\u00e9couvrez les artisans d'Art de l'association Mine d'Art en Provence Verte. (SUD PACA - 83 VAR)","breadcrumb":{"@id":"https:\/\/www.minedartenprovence.fr\/index.php\/metiers-dart\/#breadcrumb"},"inLanguage":"fr-FR","potentialAction":[{"@type":"ReadAction","target":["https:\/\/www.minedartenprovence.fr\/index.php\/metiers-dart\/"]}]},{"@type":"ImageObject","inLanguage":"fr-FR","@id":"https:\/\/www.minedartenprovence.fr\/index.php\/metiers-dart\/#primaryimage","url":"https:\/\/www.minedartenprovence.fr\/wp-content\/uploads\/2023\/04\/IMG_9598-scaled.jpg","contentUrl":"https:\/\/www.minedartenprovence.fr\/wp-content\/uploads\/2023\/04\/IMG_9598-scaled.jpg","width":2560,"height":1707,"caption":"Terre Sacr\u00e9e C\u00e9ramique - Tournage"},{"@type":"BreadcrumbList","@id":"https:\/\/www.minedartenprovence.fr\/index.php\/metiers-dart\/#breadcrumb","itemListElement":[{"@type":"ListItem","position":1,"name":"Accueil","item":"https:\/\/www.minedartenprovence.fr\/"},{"@type":"ListItem","position":2,"name":"Les m\u00e9tiers d&rsquo;Art"}]},{"@type":"WebSite","@id":"https:\/\/www.minedartenprovence.fr\/#website","url":"https:\/\/www.minedartenprovence.fr\/","name":"Mine d&#039;Art en Provence","description":"Association des professionnels des m\u00e9tiers d&#039;Art en Provence Verte","publisher":{"@id":"https:\/\/www.minedartenprovence.fr\/#organization"},"potentialAction":[{"@type":"SearchAction","target":{"@type":"EntryPoint","urlTemplate":"https:\/\/www.minedartenprovence.fr\/?s={search_term_string}"},"query-input":{"@type":"PropertyValueSpecification","valueRequired":true,"valueName":"search_term_string"}}],"inLanguage":"fr-FR"},{"@type":"Organization","@id":"https:\/\/www.minedartenprovence.fr\/#organization","name":"Mine d'Art en Provence","url":"https:\/\/www.minedartenprovence.fr\/","logo":{"@type":"ImageObject","inLanguage":"fr-FR","@id":"https:\/\/www.minedartenprovence.fr\/#\/schema\/logo\/image\/","url":"https:\/\/www.minedartenprovence.fr\/wp-content\/uploads\/2023\/04\/logo-minedartenprovence-1.png","contentUrl":"https:\/\/www.minedartenprovence.fr\/wp-content\/uploads\/2023\/04\/logo-minedartenprovence-1.png","width":500,"height":500,"caption":"Mine d'Art en Provence"},"image":{"@id":"https:\/\/www.minedartenprovence.fr\/#\/schema\/logo\/image\/"},"sameAs":["https:\/\/www.facebook.com\/profile.php?id=100091328405319","https:\/\/www.instagram.com\/minedartenprovence\/"]}]}},"_links":{"self":[{"href":"https:\/\/www.minedartenprovence.fr\/index.php\/wp-json\/wp\/v2\/pages\/10","targetHints":{"allow":["GET"]}}],"collection":[{"href":"https:\/\/www.minedartenprovence.fr\/index.php\/wp-json\/wp\/v2\/pages"}],"about":[{"href":"https:\/\/www.minedartenprovence.fr\/index.php\/wp-json\/wp\/v2\/types\/page"}],"author":[{"embeddable":true,"href":"https:\/\/www.minedartenprovence.fr\/index.php\/wp-json\/wp\/v2\/users\/2"}],"replies":[{"embeddable":true,"href":"https:\/\/www.minedartenprovence.fr\/index.php\/wp-json\/wp\/v2\/comments?post=10"}],"version-history":[{"count":133,"href":"https:\/\/www.minedartenprovence.fr\/index.php\/wp-json\/wp\/v2\/pages\/10\/revisions"}],"predecessor-version":[{"id":8463,"href":"https:\/\/www.minedartenprovence.fr\/index.php\/wp-json\/wp\/v2\/pages\/10\/revisions\/8463"}],"wp:attachment":[{"href":"https:\/\/www.minedartenprovence.fr\/index.php\/wp-json\/wp\/v2\/media?parent=10"}],"curies":[{"name":"wp","href":"https:\/\/api.w.org\/{rel}","templated":true}]}}